{"id":82,"date":"2026-07-25T11:06:14","date_gmt":"2026-07-25T11:06:14","guid":{"rendered":"https:\/\/pepe264.net3d.hu\/?page_id=82"},"modified":"2026-07-25T11:08:27","modified_gmt":"2026-07-25T11:08:27","slug":"torma-luca","status":"publish","type":"page","link":"https:\/\/pepe264.net3d.hu\/?page_id=82","title":{"rendered":"TORMA LUCA"},"content":{"rendered":"\n<figure class=\"wp-block-image size-full\"><img loading=\"lazy\" decoding=\"async\" width=\"718\" height=\"460\" src=\"https:\/\/pepe264.net3d.hu\/wp-content\/uploads\/2026\/07\/Screen-Shot-2026-07-25-at-12.47.13.png\" alt=\"\" class=\"wp-image-84\" srcset=\"https:\/\/pepe264.net3d.hu\/wp-content\/uploads\/2026\/07\/Screen-Shot-2026-07-25-at-12.47.13.png 718w, https:\/\/pepe264.net3d.hu\/wp-content\/uploads\/2026\/07\/Screen-Shot-2026-07-25-at-12.47.13-300x192.png 300w\" sizes=\"auto, (max-width: 718px) 100vw, 718px\" \/><\/figure>\n\n\n\n<p class=\"wp-block-paragraph\"><strong>Koroszt\u00e1lyos magyar v\u00e1logatott v\u00edzilabd\u00e1z\u00f3, kapus.<\/strong> Torma Luca a gy\u0151ri n\u0151i v\u00edzilabda egyik legtehets\u00e9gesebb fiatal kapusa, aki ut\u00e1np\u00f3tl\u00e1skoroszt\u00e1lyban m\u00e1r t\u00f6bb alkalommal is bizony\u00edtotta r\u00e1termetts\u00e9g\u00e9t. Magabiztos v\u00e9d\u00e9seivel, higgadt j\u00e1t\u00e9k\u00e1val \u00e9s kiv\u00e1l\u00f3 helyzetfelismer\u00e9s\u00e9vel hamar felh\u00edvta mag\u00e1ra a szakemberek figyelm\u00e9t, ennek k\u00f6sz\u00f6nhet\u0151en a magyar koroszt\u00e1lyos v\u00e1logatottakban is rendszeresen lehet\u0151s\u00e9get kapott.<\/p>\n\n\n\n<blockquote class=\"wp-block-quote is-layout-flow wp-block-quote-is-layout-flow\">\n<p class=\"wp-block-paragraph\"><em>\u201eNagyon megtisztel\u0151 volt, hogy \u00e9n kaptam a legjobb kapusnak j\u00e1r\u00f3 elismer\u00e9st, de az arany\u00e9rem sokkal t\u00f6bbet jelentett, mert azt csapatk\u00e9nt szerezt\u00fck meg<\/em>. <em>Nagyon hamar fel kellett n\u0151ni a feladathoz, tizenn\u00e9gy \u00e9vesek voltunk, amikor el\u0151sz\u00f6r t\u00f6bbhetes edz\u0151t\u00e1borba ment\u00fcnk. Megtanultam egyed\u00fcl int\u00e9zni a dolgaimat, \u00e9vr\u0151l \u00e9vre \u00f6n\u00e1ll\u00f3bb lettem \u00e9s jobban megismertem magam. Egy ideig p\u00e9ld\u00e1ul nagyon babon\u00e1s voltam: megvolt, melyik zen\u00e9re mit csin\u00e1lok a meleg\u00edt\u00e9sn\u00e9l, s\u0151t m\u00e9g az is, mit kell reggeliznem a meccs napj\u00e1n a gy\u0151zelemhez. Azt\u00e1n az U16-os vil\u00e1gbajnoks\u00e1gon nem volt a sz\u00e1llod\u00e1nkban, amit szoktam enni\u2026 Kiakadtam \u00e9s megijedtem, hogy mi lesz \u00edgy velem a meccsen, de semmi sem v\u00e1ltozott \u2013 ez kellett ahhoz, hogy r\u00e1\u00e9bredjek, nem a k\u00fcl\u00f6nb\u00f6z\u0151 ritu\u00e1l\u00e9imt\u00f3l f\u00fcgg a teljes\u00edtm\u00e9nyem.\u201d &nbsp; &nbsp;\u2009<\/em><\/p>\n<\/blockquote>\n\n\n\n<p class=\"wp-block-paragraph\">Gy\u0151rben ismerkedett meg a v\u00edzilabd\u00e1val, ahol m\u00e1r fiatalon kit\u0171nt j\u00f3 reflexeivel \u00e9s kiv\u00e1l\u00f3 munkab\u00edr\u00e1s\u00e1val. Az ut\u00e1np\u00f3tl\u00e1s-bajnoks\u00e1gokban koroszt\u00e1lya egyik legmegb\u00edzhat\u00f3bb kapus\u00e1v\u00e1 v\u00e1lt, mik\u00f6zben folyamatosan fejl\u0151d\u00f6tt technikailag \u00e9s ment\u00e1lisan is. Edz\u0151i els\u0151sorban nyugodt szem\u00e9lyis\u00e9g\u00e9t, fegyelmezetts\u00e9g\u00e9t \u00e9s tanul\u00e1si v\u00e1gy\u00e1t emelik ki.<\/p>\n\n\n\n<p class=\"wp-block-paragraph\">Teljes\u00edtm\u00e9ny\u00e9nek k\u00f6sz\u00f6nhet\u0151en megh\u00edv\u00e1st kapott a magyar koroszt\u00e1lyos v\u00e1logatott keret\u00e9be, ahol nemzetk\u00f6zi torn\u00e1kon \u00e9s edz\u0151t\u00e1borokban is bizony\u00edthatta k\u00e9pess\u00e9geit. A v\u00e1logatottban szerzett tapasztalatok tov\u00e1bb seg\u00edtett\u00e9k fejl\u0151d\u00e9s\u00e9t, mik\u00f6zben egyre rutinosabb\u00e1 v\u00e1lt a nemzetk\u00f6zi mez\u0151ny leger\u0151sebb csapatai ellen is.<\/p>\n\n\n\n<p class=\"wp-block-paragraph\">Klubszinten a Gy\u0151ri V\u00edzisport Egyes\u00fclet ut\u00e1np\u00f3tl\u00e1scsapataiban szerepelt, ahol t\u00f6bb koroszt\u00e1lyban is fontos szerepet v\u00e1llalt a csapat sikereiben, \u00e9s bemutatkozott a n\u0151i OB -ben is. <strong>2023 nyar\u00e1n<\/strong> a One Eger j\u00e1t\u00e9kosa lett, ahol azonnal az OB I-es keret tagja lett. A 2023\u20132024-es szezonban magyar bajnoki bronz\u00e9remet szerzett az OB I-ben. Fiatal kora ellen\u00e9re az Eger els\u0151 sz\u00e1m\u00fa kapus\u00e1v\u00e1 v\u00e1lt, t\u00f6bb kiemelked\u0151 m\u00e9rk\u0151z\u00e9st is v\u00e9dett. A feln\u0151tt magyar v\u00e1logatott keret\u00e9be is beker\u00fclt, \u00e9s m\u00e1r 2023-ban bemutatkozott a nemzeti csapatban. 2025-ben tagja volt a Vil\u00e1gkupa-ez\u00fcst\u00e9rmes magyar v\u00e1logatottnak<\/p>\n\n\n\n<p class=\"wp-block-paragraph\">Fiatal kora ellen\u00e9re m\u00e1r olyan tulajdons\u00e1gokkal rendelkezik, amelyek egy modern v\u00edzilabdakapus sz\u00e1m\u00e1ra elengedhetetlenek: kiv\u00e1l\u00f3 reakci\u00f3id\u0151, j\u00f3 kommunik\u00e1ci\u00f3 a v\u00e9delemmel, pontos ind\u00edt\u00e1sok \u00e9s nagyfok\u00fa koncentr\u00e1ci\u00f3 a m\u00e9rk\u0151z\u00e9s teljes ideje alatt. Mindezek alapj\u00e1n a gy\u0151ri v\u00edzilabda egyik \u00edg\u00e9retes tehets\u00e9ge, akinek tov\u00e1bbi fejl\u0151d\u00e9s\u00e9t a szakemberek is bizakodva figyelik.<\/p>\n\n\n\n<h2 class=\"wp-block-heading\">Koroszt\u00e1lyos v\u00e1logatott szerepl\u00e9sei<\/h2>\n\n\n\n<p class=\"wp-block-paragraph\">Torma Luca a 2006-os koroszt\u00e1ly egyik legsikeresebb magyar kapusa. Rendk\u00edv\u00fcl ritka teljes\u00edtm\u00e9ny, hogy <strong>h\u00e1rom egym\u00e1st k\u00f6vet\u0151 koroszt\u00e1lyos vil\u00e1gversenyen<\/strong> (U15 Eb, U16 vb, U17 Eb) is <strong>a torna legjobb kapus\u00e1nak<\/strong> v\u00e1lasztott\u00e1k. A szakemberek m\u00e1r ekkor a magyar n\u0151i v\u00edzilabda egyik legnagyobb kapustehets\u00e9gek\u00e9nt tartott\u00e1k sz\u00e1mon.<\/p>\n\n\n\n<ul class=\"wp-block-list\">\n<li><strong>2021 \u2013 U15 Eur\u00f3pa-bajnoks\u00e1g<\/strong>\n<ul class=\"wp-block-list\">\n<li><strong>Eur\u00f3pa-bajnok<\/strong><\/li>\n\n\n\n<li>A torna <strong>legjobb kapusa<\/strong>.<\/li>\n<\/ul>\n<\/li>\n\n\n\n<li><strong>2022 \u2013 U18 vil\u00e1gbajnoks\u00e1g<\/strong>\n<ul class=\"wp-block-list\">\n<li><strong>Bronz\u00e9rem<\/strong><\/li>\n<\/ul>\n<\/li>\n\n\n\n<li><strong>2023 \u2013 U16 vil\u00e1gbajnoks\u00e1g<\/strong>\n<ul class=\"wp-block-list\">\n<li><strong>Vil\u00e1gbajnok<\/strong><\/li>\n\n\n\n<li>A torna <strong>legjobb kapusa<\/strong>.<\/li>\n<\/ul>\n<\/li>\n\n\n\n<li><strong>2023 \u2013 U17 Eur\u00f3pa-bajnoks\u00e1g<\/strong>\n<ul class=\"wp-block-list\">\n<li><strong>Eur\u00f3pa-bajnok<\/strong><\/li>\n\n\n\n<li>A torna <strong>legjobb kapusa<\/strong>.<\/li>\n<\/ul>\n<\/li>\n\n\n\n<li><strong>2024 \u2013 U18 vil\u00e1gbajnoks\u00e1g<\/strong>\n<ul class=\"wp-block-list\">\n<li><strong>Bronz\u00e9rem.<\/strong><\/li>\n<\/ul>\n<\/li>\n\n\n\n<li><strong>2024 \u2013 U19 Eur\u00f3pa-bajnoks\u00e1g<\/strong>\n<ul class=\"wp-block-list\">\n<li><strong>Ez\u00fcst\u00e9rem<\/strong><\/li>\n<\/ul>\n<\/li>\n<\/ul>\n","protected":false},"excerpt":{"rendered":"<p>Koroszt\u00e1lyos magyar v\u00e1logatott v\u00edzilabd\u00e1z\u00f3, kapus.  H\u00e1rom vil\u00e1gverseny legjobb kapusa.<\/p>\n","protected":false},"author":1,"featured_media":84,"parent":0,"menu_order":0,"comment_status":"closed","ping_status":"closed","template":"","meta":{"footnotes":""},"class_list":["post-82","page","type-page","status-publish","has-post-thumbnail","hentry"],"_links":{"self":[{"href":"https:\/\/pepe264.net3d.hu\/index.php?rest_route=\/wp\/v2\/pages\/82","targetHints":{"allow":["GET"]}}],"collection":[{"href":"https:\/\/pepe264.net3d.hu\/index.php?rest_route=\/wp\/v2\/pages"}],"about":[{"href":"https:\/\/pepe264.net3d.hu\/index.php?rest_route=\/wp\/v2\/types\/page"}],"author":[{"embeddable":true,"href":"https:\/\/pepe264.net3d.hu\/index.php?rest_route=\/wp\/v2\/users\/1"}],"replies":[{"embeddable":true,"href":"https:\/\/pepe264.net3d.hu\/index.php?rest_route=%2Fwp%2Fv2%2Fcomments&post=82"}],"version-history":[{"count":3,"href":"https:\/\/pepe264.net3d.hu\/index.php?rest_route=\/wp\/v2\/pages\/82\/revisions"}],"predecessor-version":[{"id":95,"href":"https:\/\/pepe264.net3d.hu\/index.php?rest_route=\/wp\/v2\/pages\/82\/revisions\/95"}],"wp:featuredmedia":[{"embeddable":true,"href":"https:\/\/pepe264.net3d.hu\/index.php?rest_route=\/wp\/v2\/media\/84"}],"wp:attachment":[{"href":"https:\/\/pepe264.net3d.hu\/index.php?rest_route=%2Fwp%2Fv2%2Fmedia&parent=82"}],"curies":[{"name":"wp","href":"https:\/\/api.w.org\/{rel}","templated":true}]}}