{"id":66,"date":"2026-07-25T11:05:42","date_gmt":"2026-07-25T11:05:42","guid":{"rendered":"https:\/\/pepe264.net3d.hu\/?page_id=66"},"modified":"2026-07-25T11:05:42","modified_gmt":"2026-07-25T11:05:42","slug":"gangl-edina","status":"publish","type":"page","link":"https:\/\/pepe264.net3d.hu\/?page_id=66","title":{"rendered":"GANGL EDINA"},"content":{"rendered":"\n<p class=\"wp-block-paragraph\"><strong>Olimpiai bronz\u00e9rmes, vil\u00e1gbajnoki ez\u00fcst\u00e9rmes, Eur\u00f3pa-bajnok magyar v\u00edzilabd\u00e1z\u00f3, kapus.<\/strong> Gangl Edina a magyar n\u0151i v\u00edzilabda meghat\u00e1roz\u00f3 alakja, aki a 2010-es \u00e9s 2020-as \u00e9vekben hossz\u00fa id\u0151n \u00e1t \u0151rizte a magyar v\u00e1logatott kapuj\u00e1t. Posztj\u00e1b\u00f3l ad\u00f3d\u00f3an ritk\u00e1bban ker\u00fclt reflektorf\u00e9nybe, teljes\u00edtm\u00e9nye azonban kulcsszerepet j\u00e1tszott abban, hogy a magyar nemzeti csapat vil\u00e1gversenyeken rendszeresen az \u00e9lmez\u0151nyben szerepelt.<\/p>\n\n\n\n<blockquote class=\"wp-block-quote is-layout-flow wp-block-quote-is-layout-flow\">\n<p class=\"wp-block-paragraph\">Anyuk\u00e1mat egyszer gyermekkor\u00e1ban bel\u00f6kt\u00e9k a t\u00f3ba, de akkor m\u00e9g nem tudott \u00faszni, ez a rossz \u00e9lm\u00e9ny ind\u00edtotta r\u00e1, hogy engem min\u00e9l hamarabb megtan\u00edttasson. Igaz, ez sem ment egyszer\u0171en, mert be\u00edrtak egy t\u00edznapos \u00fasz\u00f3 napk\u00f6zibe, \u00e9s az els\u0151 nap vis\u00edtva rohantam ki a medenc\u00e9b\u0151l, ahogy v\u00edz \u00e9rte a l\u00e1bam. Neh\u00e9z volt a visszaszoktat\u00e1s, viszont ovis koromban l\u00e1ttam, hogy a t\u00f6bbiek csak kap\u00e1l\u00f3znak a v\u00edzben, bennem pedig m\u00e1r akkor is volt annyi versenyszellem, hogy ezt nem hagytam annyiban. Az\u00f3ta v\u00edzben vagyok.<\/p>\n<\/blockquote>\n\n\n\n<p class=\"wp-block-paragraph\">Egy k\u00e9s\u0151bbi interj\u00faban arr\u00f3l is besz\u00e9lt, hogy m\u00e1r hat\u00e9ves kor\u00e1ban olimpiai bajnok szeretett volna lenni. Ez a gyermekkori \u00e1lom j\u00f3l t\u00fckr\u00f6zte eg\u00e9sz p\u00e1lyafut\u00e1s\u00e1t: mindig a legmagasabb c\u00e9lokat t\u0171zte maga el\u00e9, \u00e9s soha nem el\u00e9gedett meg a f\u00e9lmegold\u00e1sokkal.<\/p>\n\n\n\n<p class=\"wp-block-paragraph\">Klubp\u00e1lyafut\u00e1sa sor\u00e1n a magyar n\u0151i v\u00edzilabda \u00e9lvonal\u00e1nak meghat\u00e1roz\u00f3 kapusa volt. Az UVSE \u00e9s az Eger sz\u00edneiben is kiemelked\u0151 sikereket \u00e9rt el. Els\u0151 magyar bajnoki c\u00edm\u00e9t egri j\u00e1t\u00e9kosk\u00e9nt szerezte, majd 2013-ban csapat\u00e1val a n\u0151i BEK negyedik hely\u00e9n v\u00e9gzett. A magyar v\u00e1logatottal Vil\u00e1glig\u00e1ban negyedik lett, az Universiad\u00e9n pedig ez\u00fcst\u00e9rmet nyert.<\/p>\n\n\n\n<p class=\"wp-block-paragraph\">2014-ben a csapatok szavazatai alapj\u00e1n a magyar bajnoks\u00e1g legjobb kapus\u00e1nak v\u00e1lasztott\u00e1k, majd ny\u00e1ron visszat\u00e9rt az UVSE egy\u00fcttes\u00e9hez. \u00daj csapat\u00e1val 2015-ben magyar bajnoki c\u00edmet \u00fcnnepelhetett, \u00e9s ism\u00e9t elnyerte a bajnoks\u00e1g legjobb kapus\u00e1nak j\u00e1r\u00f3 elismer\u00e9st. A 2015\u20132016-os id\u00e9ny legjobb kapus\u00e1nak is megv\u00e1lasztott\u00e1k.<\/p>\n\n\n\n<p class=\"wp-block-paragraph\">A 2016-os belgr\u00e1di Eur\u00f3pa-bajnoks\u00e1g p\u00e1lyafut\u00e1s\u00e1nak egyik cs\u00facspontj\u00e1t jelentette: a magyar v\u00e1logatottal arany\u00e9rmet nyert, emellett a torna legjobb kapus\u00e1nak is megv\u00e1lasztott\u00e1k. Egy \u00e9vvel k\u00e9s\u0151bb ugyan a vil\u00e1gbajnoks\u00e1gon az \u00f6t\u00f6dik helyen v\u00e9gzett a nemzeti csapattal, klubszinten azonban \u00fajabb nemzetk\u00f6zi sikert \u00e9rt el, amikor az UVSE megnyerte a LEN-kup\u00e1t.<\/p>\n\n\n\n<p class=\"wp-block-paragraph\">A 2020-as budapesti Eur\u00f3pa-bajnoks\u00e1gon bronz\u00e9rmet szerzett a magyar v\u00e1logatottal, majd 2021 nyar\u00e1n G\u00f6r\u00f6gorsz\u00e1gba, a Glif\u00e1dasz egy\u00fcttes\u00e9hez igazolt. Tagja volt a toki\u00f3i olimpi\u00e1n t\u00f6rt\u00e9nelmi bronz\u00e9rmet nyer\u0151 magyar csapatnak, amely a n\u0151i v\u00edzilabda els\u0151 olimpiai dobog\u00f3s helyez\u00e9s\u00e9t szerezte meg Magyarorsz\u00e1gnak. Egy \u00e9vvel k\u00e9s\u0151bb a budapesti vil\u00e1gbajnoks\u00e1gon vil\u00e1gbajnoki ez\u00fcst\u00e9rmet nyert a v\u00e1logatottal. 2023-ban gyermeke sz\u00fcletett, majd ugyanazon a ny\u00e1ron a g\u00f6r\u00f6g PAOK j\u00e1t\u00e9kosa lett.<\/p>\n\n\n\n<p class=\"wp-block-paragraph\">Gangl Edina p\u00e1lyafut\u00e1s\u00e1t a kiegyens\u00falyozotts\u00e1g, a higgadts\u00e1g \u00e9s a megb\u00edzhat\u00f3s\u00e1g jellemezte. Kapusk\u00e9nt hossz\u00fa \u00e9veken \u00e1t biztos pontja volt a magyar v\u00e1logatottnak, klubjaiban pedig rendszeresen bajnoki c\u00edmek\u00e9rt \u00e9s nemzetk\u00f6zi kupasikerek\u00e9rt k\u00fczd\u00f6tt. Eur\u00f3pa-bajnoki aranya, olimpiai bronz\u00e9rme, vil\u00e1gbajnoki ez\u00fcst\u00e9rme \u00e9s sz\u00e1mos egy\u00e9ni elismer\u00e9se alapj\u00e1n a magyar n\u0151i v\u00edzilabda egyik legeredm\u00e9nyesebb kapusak\u00e9nt \u00edrta be nev\u00e9t a sport\u00e1g t\u00f6rt\u00e9net\u00e9be.<\/p>\n","protected":false},"excerpt":{"rendered":"<p>Gangl Edina magyar v\u00e1logatott v\u00edzilabdakapus, a 2010-es \u00e9s 2020-as \u00e9vek egyik meghat\u00e1roz\u00f3 hazai n\u0151i p\u00f3l\u00f3sa. <\/p>\n","protected":false},"author":1,"featured_media":72,"parent":0,"menu_order":0,"comment_status":"closed","ping_status":"closed","template":"","meta":{"footnotes":""},"class_list":["post-66","page","type-page","status-publish","has-post-thumbnail","hentry"],"_links":{"self":[{"href":"https:\/\/pepe264.net3d.hu\/index.php?rest_route=\/wp\/v2\/pages\/66","targetHints":{"allow":["GET"]}}],"collection":[{"href":"https:\/\/pepe264.net3d.hu\/index.php?rest_route=\/wp\/v2\/pages"}],"about":[{"href":"https:\/\/pepe264.net3d.hu\/index.php?rest_route=\/wp\/v2\/types\/page"}],"author":[{"embeddable":true,"href":"https:\/\/pepe264.net3d.hu\/index.php?rest_route=\/wp\/v2\/users\/1"}],"replies":[{"embeddable":true,"href":"https:\/\/pepe264.net3d.hu\/index.php?rest_route=%2Fwp%2Fv2%2Fcomments&post=66"}],"version-history":[{"count":9,"href":"https:\/\/pepe264.net3d.hu\/index.php?rest_route=\/wp\/v2\/pages\/66\/revisions"}],"predecessor-version":[{"id":81,"href":"https:\/\/pepe264.net3d.hu\/index.php?rest_route=\/wp\/v2\/pages\/66\/revisions\/81"}],"wp:featuredmedia":[{"embeddable":true,"href":"https:\/\/pepe264.net3d.hu\/index.php?rest_route=\/wp\/v2\/media\/72"}],"wp:attachment":[{"href":"https:\/\/pepe264.net3d.hu\/index.php?rest_route=%2Fwp%2Fv2%2Fmedia&parent=66"}],"curies":[{"name":"wp","href":"https:\/\/api.w.org\/{rel}","templated":true}]}}