{"id":54,"date":"2026-07-17T16:23:29","date_gmt":"2026-07-17T16:23:29","guid":{"rendered":"https:\/\/pepe264.net3d.hu\/?page_id=54"},"modified":"2026-07-26T14:26:57","modified_gmt":"2026-07-26T14:26:57","slug":"ott-vagyunk-a-final-eightben","status":"publish","type":"page","link":"https:\/\/pepe264.net3d.hu\/?page_id=54","title":{"rendered":"\u00daJRA \u00c9S \u00daJRA OTT VAGYUNK A FINAL EIGHTBEN"},"content":{"rendered":"\n<h1 class=\"wp-block-heading\">2025 \u2013 Le\u00e1ny Serd\u00fcl\u0151 Final8<\/h1>\n\n\n\n<h2 class=\"wp-block-heading\">Hatodik helyen z\u00e1rt a fiatal csapat<\/h2>\n\n\n\n<p class=\"wp-block-paragraph\">A 2025-\u00f6s nyolcas d\u00f6nt\u0151t Duna\u00fajv\u00e1ros rendezte, ahol a GYVSE el\u0151sz\u00f6r a k\u00e9s\u0151bbi dobog\u00f3s Duna\u00fajv\u00e1rossal tal\u00e1lkozott. Az els\u0151 negyedben hamar h\u00e1tr\u00e1nyba ker\u00fclt a gy\u0151ri egy\u00fcttes, a hazaiak v\u00e9g\u00fcl 13\u20137-re nyertek.<\/p>\n\n\n\n<p class=\"wp-block-paragraph\">A m\u00e1sodik m\u00e9rk\u0151z\u00e9sen azonban m\u00e1r megmutatta igazi erej\u00e9t a csapat. A BVSC ellen a f\u00e9lid\u0151ben m\u00e9g h\u00e1romg\u00f3los h\u00e1tr\u00e1nyban voltak a gy\u0151riek, de nagyszer\u0171 m\u00e1sodik f\u00e9lidei j\u00e1t\u00e9kukkal ford\u00edtottak, \u00e9s 12\u201311-es gy\u0151zelmet arattak. A siker egyik kulcsa Svec Anna S\u00e1ba n\u00e9gy tal\u00e1lata, valamint a hajr\u00e1ban mutatott kiv\u00e1l\u00f3 csapatj\u00e1t\u00e9k volt.<\/p>\n\n\n\n<p class=\"wp-block-paragraph\">Az \u00f6t\u00f6dik hely\u00e9rt v\u00edvott tal\u00e1lkoz\u00f3n a KSI ellen sok\u00e1ig \u00fagy t\u0171nt, megsz\u00fclethet az \u00fajabb brav\u00far. A GYVSE hatalmas lend\u00fclettel kezdett, k\u00e9t negyed ut\u00e1n m\u00e1r 6\u20131-re vezetett, s\u0151t a z\u00e1r\u00f3negyed el\u0151tt is h\u00e1romg\u00f3los el\u0151nyben volt. Az utols\u00f3 nyolc perc azonban teljesen a f\u0151v\u00e1rosiak\u00e9 lett, akik h\u00e9t g\u00f3lt szereztek v\u00e1lasz n\u00e9lk\u00fcl, \u00edgy 11\u20139-re megford\u00edtott\u00e1k a m\u00e9rk\u0151z\u00e9st. A gy\u0151riek v\u00e9g\u00fcl a hatodik helyen fejezt\u00e9k be az orsz\u00e1gos d\u00f6nt\u0151t.<\/p>\n\n\n\n<h3 class=\"wp-block-heading\">Jegyz\u0151k\u00f6nyv<\/h3>\n\n\n\n<p class=\"wp-block-paragraph\"><strong>GYVSE-UNI GY\u0150R\u2013Duna\u00fajv\u00e1ros 7\u201313 (1\u20134, 4\u20133, 2\u20132, 0\u20134)<\/strong><br>Duna\u00fajv\u00e1ros, l\u00e1ny serd\u00fcl\u0151 orsz\u00e1gos bajnoks\u00e1g, az 1\u20138. hely\u00e9rt.<br><strong>GYVSE:<\/strong> J\u00e1mbor Laura \u2013 Szerb Dorka 1, Horv\u00e1th Bianka 1, Iszak Tamara, \u00c1cs Dorina, Nov\u00e1k Lili, Fogarasi L\u00e9na 3, Svec Anna S\u00e1ba 2, Imre Fruzsina, J\u00e1mbor Vikt\u00f3ria, Iszak Emese, Kov\u00e1cs Rox\u00e1na, Baboth Csenge Anna.<br><strong>Edz\u0151:<\/strong> Hargitai Attila.<\/p>\n\n\n\n<p class=\"wp-block-paragraph\"><strong>BVSC\u2013GYVSE-UNI GY\u0150R 11\u201312 (3\u20132, 3\u20131, 2\u20134, 3\u20135)<\/strong><br>Duna\u00fajv\u00e1ros, l\u00e1ny serd\u00fcl\u0151 orsz\u00e1gos bajnoks\u00e1g, az 5\u20138. hely\u00e9rt.<br><strong>GYVSE:<\/strong> J\u00e1mbor Laura \u2013 Szerb Dorka 1, Horv\u00e1th Bianka 1, Iszak Tamara 1, \u00c1cs Dorina, Nov\u00e1k Lili, Fogarasi L\u00e9na 3, Svec Anna S\u00e1ba 4, Imre Fruzsina, J\u00e1mbor Vikt\u00f3ria, Iszak Emese, Kov\u00e1cs Rox\u00e1na 2, Baboth Csenge Anna.<br><strong>Edz\u0151:<\/strong> Hargitai Attila.<\/p>\n\n\n\n<p class=\"wp-block-paragraph\"><strong>KSI\u2013GYVSE-UNI GY\u0150R 11\u20139 (0\u20134, 1\u20132, 3\u20133, 7\u20130)<\/strong><br>Duna\u00fajv\u00e1ros, l\u00e1ny serd\u00fcl\u0151 orsz\u00e1gos bajnoks\u00e1g, az 5. hely\u00e9rt.<br><strong>GYVSE:<\/strong> J\u00e1mbor Laura \u2013 Szerb Dorka 1, Horv\u00e1th Bianka 2, Iszak Tamara, \u00c1cs Dorina, Nov\u00e1k Lili, Fogarasi L\u00e9na 3, Svec Anna S\u00e1ba 3, Imre Fruzsina, J\u00e1mbor Vikt\u00f3ria, Iszak Emese, Kov\u00e1cs Rox\u00e1na, Baboth Csenge Anna.<br><strong>Edz\u0151:<\/strong> Hargitai Attila.<\/p>\n\n\n\n<blockquote class=\"wp-block-quote is-layout-flow wp-block-quote-is-layout-flow\">\n<p class=\"wp-block-paragraph\"><strong>Hargitai Attila:<\/strong> \u2013A szezont Duna\u00fajv\u00e1rosban a serd\u00fcl\u0151 nyolcas d\u00f6nt\u0151vel z\u00e1rtuk. \u00dagy gondolom, hogy h\u00e1rom nagyon j\u00f3 meccset tudtunk j\u00e1tszani, mindegyikben volt tanuls\u00e1g, sok hiba, \u00e9s sok-sok pozit\u00edvum. A l\u00e1nyok ez alatt a h\u00e1rom meccs alatt elk\u00e9peszt\u0151 k\u00fczdeni akar\u00e1sr\u00f3l tettek tan\u00fabizonys\u00e1got, le a kalappal el\u0151tt\u00fck. B\u00fcszke vagyok erre a fiatal kis csapatra, mert eg\u00e9sz \u00e9vben hajtottunk, k\u00fczd\u00f6tt\u00fcnk, \u00e9s \u00edgy tudtuk megszerezni a hatodik helyet.\u00a0Sz\u00e1momra m\u00e9g ink\u00e1bb k\u00fcl\u00f6nleges h\u00e9tv\u00e9ge volt ez, hiszen h\u00e9t\u00e9ves gy\u0151ri kalandom ezzel z\u00e1rult, \u00edgy hadd ragadjam meg az alkalmat, hogy k\u00f6sz\u00f6netet mondjak mindazon gyereknek, j\u00e1t\u00e9kosnak, akikkel ak\u00e1r csak egy edz\u00e9st is egy\u00fctt t\u00f6lthettem, felejthetetlen \u00e9lm\u00e9ny, \u00e9s eml\u00e9k marad minden pillanat. Szeretn\u00e9k a sz\u00fcl\u0151knek is k\u00fcl\u00f6n k\u00f6sz\u00f6netet mondani, hiszen rengeteg id\u0151t, energi\u00e1t, p\u00e9nzt nem sajn\u00e1lva seg\u00edtett\u00e9k a gyerekeket, \u00e9s ezzel az \u00e9n munk\u00e1mat is. K\u00f6sz\u00f6n\u00f6m a klubnak, hogy ez alatt a h\u00e9t \u00e9v alatt lehet\u0151s\u00e9get kaptam a fi\u00fakn\u00e1l, ahol rengeteg j\u00f3 sr\u00e1cot ismertem meg, felejthetetlen \u00f6t \u00e9v volt vel\u00fck, \u00e9s ez\u00faton is szeretn\u00e9k gratul\u00e1lni az elm\u00falt id\u0151szakban el\u00e9rt csod\u00e1s eredm\u00e9nyeikhez. K\u00fcl\u00f6n \u00f6r\u00fcl\u00f6k, hogy a fi\u00fak ut\u00e1n megismerhettem a l\u00e1nyokat, \u00e9s dolgozhattam a l\u00e1ny vonalon is. Ez alatt a k\u00e9t \u00e9v alatt rengeteget kaptam a l\u00e1nyokt\u00f3l, tehets\u00e9ges, nagyszer\u0171 embereket ismertem meg itt is, akikkel \u00f6r\u00f6m volt a munka, \u00e9s az egy\u00fctt t\u00f6lt\u00f6tt id\u0151. Emellett szeretn\u00e9k a koll\u00e9g\u00e1imnak is k\u00f6sz\u00f6netet mondani, sokat lestem el, \u00e9s tanultam t\u0151l\u00fck. Csod\u00e1s h\u00e9t \u00e9v volt ez, sok minden t\u00f6rt\u00e9nt az \u00e9letemben ez id\u0151 alatt velem, \u00e9s \u0151szint\u00e9n szurkolok mind a l\u00e1nyoknak, \u00e9s mind a fi\u00faknak, hogy ezt az eredm\u00e9nyess\u00e9get, amit \u00e9vr\u0151l \u00e9vre l\u00e1tunk t\u0151l\u00fck, folytass\u00e1k, \u00e9s k\u00edv\u00e1nom nekik, hogy az \u00e1lmaikat \u00e9rj\u00e9k el ak\u00e1r a v\u00edzilabd\u00e1ban, ak\u00e1r majd a civil \u00e9letben.<\/p>\n<\/blockquote>\n\n\n\n<hr class=\"wp-block-separator has-alpha-channel-opacity\"\/>\n\n\n\n<h1 class=\"wp-block-heading\">2026 \u2013 Le\u00e1ny Serd\u00fcl\u0151 Final8<\/h1>\n\n\n\n<h2 class=\"wp-block-heading\">H\u00e1rom egyg\u00f3los veres\u00e9g egy eml\u00e9kezetes torn\u00e1n<\/h2>\n\n\n\n<p class=\"wp-block-paragraph\">Egy \u00e9vvel k\u00e9s\u0151bb ism\u00e9t ott volt a GYVSE a serd\u00fcl\u0151 Final8-ban, ez\u00fattal m\u00e1r Petrovai M\u00e1rton vezet\u00e9s\u00e9vel. A h\u00e1rom m\u00e9rk\u0151z\u00e9s k\u00fcl\u00f6nlegess\u00e9ge, hogy mindh\u00e1rom mind\u00f6ssze egyetlen g\u00f3llal d\u0151lt el.<\/p>\n\n\n\n<p class=\"wp-block-paragraph\">A nyit\u00e1nyon a h\u00e1zigazda Duna\u00fajv\u00e1ros ellen v\u00e9gig szoros csat\u00e1t v\u00edvtak a gy\u0151riek. Kiv\u00e1l\u00f3 v\u00e9dekez\u00e9s\u00fcknek k\u00f6sz\u00f6nhet\u0151en az utols\u00f3 negyedre is maradt es\u00e9ly\u00fck az egyenl\u00edt\u00e9sre, v\u00e9g\u00fcl azonban 8\u20137-re a hazaiak nyertek.<\/p>\n\n\n\n<p class=\"wp-block-paragraph\">A torna egyik legjobb m\u00e9rk\u0151z\u00e9s\u00e9t a m\u00e1sodik napon j\u00e1tszotta a csapat. Az Eger ellen h\u00e1rom negyeden kereszt\u00fcl a GYVSE ir\u00e1ny\u00edtott, a z\u00e1r\u00f3 j\u00e1t\u00e9kr\u00e9szben azonban a hevesiek ledolgozt\u00e1k h\u00e1tr\u00e1nyukat, majd az \u00f6tm\u00e9teresp\u00e1rbajt is megnyert\u00e9k. A gy\u0151ri oldalon Svec Anna S\u00e1ba h\u00e9t, Fogarasi L\u00e9na n\u00e9gy g\u00f3lt szerzett.<\/p>\n\n\n\n<p class=\"wp-block-paragraph\">A z\u00e1r\u00f3 napon a KSI ellen az els\u0151 f\u00e9lid\u0151 f\u0151v\u00e1rosi f\u00f6l\u00e9nyt hozott, de a gy\u0151riek nem adt\u00e1k fel. Az utols\u00f3 negyedet 4\u20131-re megnyert\u00e9k, \u00e9s eg\u00e9szen egy g\u00f3lra felz\u00e1rk\u00f3ztak, \u00e1m a ford\u00edt\u00e1sra m\u00e1r nem maradt id\u0151.<\/p>\n\n\n\n<h3 class=\"wp-block-heading\">Jegyz\u0151k\u00f6nyv<\/h3>\n\n\n\n<p class=\"wp-block-paragraph\"><strong>GYVSE-UNI Gy\u0151r\u2013Duna\u00fajv\u00e1ros 7\u20138 (1\u20131, 1\u20133, 4\u20134, 1\u20130)<\/strong><br>Duna\u00fajv\u00e1ros, l\u00e1ny serd\u00fcl\u0151 orsz\u00e1gos bajnoks\u00e1g.<br><strong>GYVSE:<\/strong> J\u00e1mbor Laura \u2013 J\u00f3svai S\u00e1ra, Horv\u00e1th Bianka 1, Iszak Tamara, \u00c1cs Dorina, Nov\u00e1k Lili, Fogarasi L\u00e9na 2, Kov\u00e1cs Kata, Svec Anna S\u00e1ba 2, J\u00e1mbor Vikt\u00f3ria 1, Iszak Emese, Finta Gabriella, Kov\u00e1cs Rox\u00e1na 1, N\u00e9meth Larina.<br><strong>Edz\u0151:<\/strong> Petrovai M\u00e1rton.<\/p>\n\n\n\n<p class=\"wp-block-paragraph\"><strong>Eger\u2013GYVSE-UNI Gy\u0151r 14\u201314 (3\u20134, 1\u20134, 4\u20135, 6\u20131) \u2013 \u00f6tm\u00e9teresekkel: 4\u20133<\/strong><br>Duna\u00fajv\u00e1ros, l\u00e1ny serd\u00fcl\u0151 orsz\u00e1gos bajnoks\u00e1g.<br><strong>GYVSE:<\/strong> J\u00e1mbor Laura \u2013 J\u00f3svai S\u00e1ra, Horv\u00e1th Bianka 3, Iszak Tamara 2, \u00c1cs Dorina, Nov\u00e1k Lili, Fogarasi L\u00e9na 4, Kov\u00e1cs Kata, Svec Anna S\u00e1ba 7, J\u00e1mbor Vikt\u00f3ria 1, Iszak Emese, Finta Gabriella, Kov\u00e1cs Rox\u00e1na, N\u00e9meth Larina.<br><strong>Edz\u0151:<\/strong> Petrovai M\u00e1rton.<\/p>\n\n\n\n<p class=\"wp-block-paragraph\"><strong>KSI\u2013GYVSE-UNI Gy\u0151r 15\u201314 (5\u20131, 4\u20134, 5\u20135, 1\u20134)<\/strong><br>Duna\u00fajv\u00e1ros, l\u00e1ny serd\u00fcl\u0151 orsz\u00e1gos bajnoks\u00e1g.<br><strong>GYVSE:<\/strong> J\u00e1mbor Laura \u2013 J\u00f3svai S\u00e1ra, Horv\u00e1th Bianka 5, Iszak Tamara, \u00c1cs Dorina, Nov\u00e1k Lili, Fogarasi L\u00e9na 1, Kov\u00e1cs Kata, Svec Anna S\u00e1ba 5, J\u00e1mbor Vikt\u00f3ria 2, Iszak Emese, Finta Gabriella, Kov\u00e1cs Rox\u00e1na 1, N\u00e9meth Larina.<br><strong>Edz\u0151:<\/strong> Petrovai M\u00e1rton.<\/p>\n\n\n\n<blockquote class=\"wp-block-quote is-layout-flow wp-block-quote-is-layout-flow\">\n<p class=\"wp-block-paragraph\"><strong>Petrovai M\u00e1rton:<\/strong> \u2013 Nyolcadik helyen v\u00e9gezt\u00fcnk ezen a h\u00e1rom napos torn\u00e1n. Az els\u0151 napon a hazai csapattal j\u00e1tszottunk \u00e9s egyg\u00f3los veres\u00e9get szenvedt\u00fcnk. Nagyon j\u00f3l v\u00e9dekezt\u00fcnk. Volt p\u00e1r apr\u00f3 hib\u00e1nk, amit v\u00e9g\u00fcl az ellenfel\u00fcnk kihaszn\u00e1lt. Nagyon nagyot k\u00fczd\u00f6ttek a l\u00e1nyok. A m\u00e1sodik napon az Eger ellen h\u00e1rom negyedig nagyon domin\u00e1lt a csapatunk. A negyedik negyedben \u00fagy \u00e9rzem, elk\u00e9nyelmesedt\u00fcnk \u00e9s hagytuk, hogy az Eger az akarat\u00e1t kibontakoztassa. V\u00e9g\u00fcl \u00f6tm\u00e9teresp\u00e1rbajban kikaptunk. Az utols\u00f3 meccsen a KSI a j\u00e1t\u00e9k minden elem\u00e9ben pontosabb volt. Nek\u00fcnk az utols\u00f3 negyedben j\u00f6tt meg az \u00f6nbizalom, ami v\u00e9g\u00fcl k\u00e9s\u0151n \u00e9rkezett. Nagyon b\u00fcszke lehet\u00fcnk a l\u00e1nyokra, mert amit az \u00e9vben teljes\u00edtettek, az \u00f3ri\u00e1si tett volt. Alapszakaszban a negyedik helyen v\u00e9gezt\u00fcnk. Szerintem ez csod\u00e1ba ill\u0151 volt. Rengeteg edz\u00e9s \u00e9s meccs volt a l\u00e1nyoknak. Ezekb\u0151l sok tapasztalatot gy\u0171jt\u00f6tt\u00fcnk. \u00d6sszess\u00e9g\u00e9ben nagyon meg vagyok el\u00e9gedve \u00e9s m\u00e9rhetetlen\u00fcl b\u00fcszke vagyok r\u00e1juk.<\/p>\n<\/blockquote>\n\n\n\n<hr class=\"wp-block-separator has-alpha-channel-opacity\"\/>\n\n\n\n<h1 class=\"wp-block-heading\">2026 \u2013 Le\u00e1ny Ifj\u00fas\u00e1gi Final8<\/h1>\n\n\n\n<h2 class=\"wp-block-heading\">Az orsz\u00e1g legjobb nyolca k\u00f6z\u00f6tt<\/h2>\n\n\n\n<p class=\"wp-block-paragraph\">N\u00e9h\u00e1ny h\u00e9ttel a serd\u00fcl\u0151 d\u00f6nt\u0151 ut\u00e1n az ifj\u00fas\u00e1gi egy\u00fcttes is t\u00f6rt\u00e9nelmi sikert \u00e9rt el a Final8-ba jut\u00e1ssal.<\/p>\n\n\n\n<p class=\"wp-block-paragraph\">Az els\u0151 m\u00e9rk\u0151z\u00e9sen a koroszt\u00e1ly egyik leger\u0151sebb csapata, a KSI bizonyult jobbnak, de a gy\u0151ri fiatalok becs\u00fclettel helyt\u00e1lltak.<\/p>\n\n\n\n<p class=\"wp-block-paragraph\">A m\u00e1sodik napon a Ferencv\u00e1ros ellen m\u00e1r eg\u00e9szen m\u00e1s arc\u00e1t mutatta a GYVSE. A f\u0151v\u00e1rosiak csak a hajr\u00e1ban tudt\u00e1k eld\u00f6nteni a tal\u00e1lkoz\u00f3t, amelyen Svec Anna S\u00e1ba nyolc g\u00f3lt szerzett, \u00e9s v\u00e9gig versenyben tartotta csapat\u00e1t.<\/p>\n\n\n\n<p class=\"wp-block-paragraph\">A z\u00e1r\u00f3 m\u00e9rk\u0151z\u00e9sen a BVSC ellen ism\u00e9t \u00f3ri\u00e1si csata alakult ki. A gy\u0151riek t\u00f6bbsz\u00f6r is felz\u00e1rk\u00f3ztak, a v\u00e9gj\u00e1t\u00e9kban pedig egyetlen g\u00f3l d\u00f6nt\u00f6tt a budapestiek jav\u00e1ra. Iszak Tamara hat, Svec Anna S\u00e1ba n\u00e9gy g\u00f3llal j\u00e1rult hozz\u00e1 a kiv\u00e1l\u00f3 teljes\u00edtm\u00e9nyhez.<\/p>\n\n\n\n<h3 class=\"wp-block-heading\">Jegyz\u0151k\u00f6nyv<\/h3>\n\n\n\n<p class=\"wp-block-paragraph\"><strong>GYVSE-UNI Gy\u0151r\u2013KSI 4\u201315 (1\u20135, 1\u20133, 1\u20134, 1\u20133)<\/strong><br>Budapest, l\u00e1ny ifj\u00fas\u00e1gi orsz\u00e1gos bajnoks\u00e1g.<br><strong>GYVSE:<\/strong> Szab\u00f3 Imola \u2013 T\u00e1nczos R\u00e9ka, Horv\u00e1th Bianka 1, Iszak Tamara, \u00c1cs Dorina, Nov\u00e1k Lili, Fogarasi L\u00e9na 1, De\u00e9sy Anna, Svec Anna S\u00e1ba 2, J\u00e1mbor Vikt\u00f3ria, Finta Zsuzsanna, Iszak Emese, J\u00e1mbor Laura.<br><strong>Edz\u0151:<\/strong> Petrovai M\u00e1rton.<\/p>\n\n\n\n<p class=\"wp-block-paragraph\"><strong>FTC\u2013GYVSE-UNI Gy\u0151r 13\u201310 (3\u20132, 4\u20133, 4\u20133, 2\u20132)<\/strong><br>Budapest, l\u00e1ny ifj\u00fas\u00e1gi orsz\u00e1gos bajnoks\u00e1g.<br><strong>GYVSE:<\/strong> Szab\u00f3 Imola \u2013 T\u00e1nczos R\u00e9ka 1, Horv\u00e1th Bianka 1, Iszak Tamara, \u00c1cs Dorina, Nov\u00e1k Lili, Fogarasi L\u00e9na, De\u00e9sy Anna, Svec Anna S\u00e1ba 8, J\u00e1mbor Vikt\u00f3ria, Finta Zsuzsanna, Iszak Emese, J\u00e1mbor Laura.<br><strong>Edz\u0151:<\/strong> Petrovai M\u00e1rton.<\/p>\n\n\n\n<p class=\"wp-block-paragraph\"><strong>BVSC\u2013GYVSE-UNI Gy\u0151r 14\u201313 (3\u20133, 4\u20132, 3\u20134, 4\u20134)<\/strong><br>Budapest, l\u00e1ny ifj\u00fas\u00e1gi orsz\u00e1gos bajnoks\u00e1g.<br><strong>GYVSE:<\/strong> Szab\u00f3 Imola \u2013 T\u00e1nczos R\u00e9ka, Horv\u00e1th Bianka 2, Iszak Tamara 6, \u00c1cs Dorina, Nov\u00e1k Lili, Fogarasi L\u00e9na, De\u00e9sy Anna, Svec Anna S\u00e1ba 4, J\u00e1mbor Vikt\u00f3ria, Finta Zsuzsanna 1, Iszak Emese, J\u00e1mbor Laura.<br><strong>Edz\u0151:<\/strong> Petrovai M\u00e1rton.<\/p>\n\n\n\n<blockquote class=\"wp-block-quote is-layout-flow wp-block-quote-is-layout-flow\">\n<p class=\"wp-block-paragraph\"><strong>Petrovai M\u00e1rton:<\/strong> &#8211; El\u0151sz\u00f6r is szeretn\u00e9k gratul\u00e1lni a l\u00e1nyoknak a h\u00e1rom napon \u00e1t ny\u00fajtott teljes\u00edtm\u00e9ny\u00fckh\u00f6z. Az els\u0151 meccsen a KSI csapata er\u0151demonstr\u00e1ci\u00f3t tartott \u00e9s magabiztosan nyert ellen\u00fcnk. A m\u00e1sodik ellenfel\u00fcnk a Ferencv\u00e1ros volt, ahol v\u00e9gig a nyakukon voltunk. V\u00e9g\u00fcl az utols\u00f3 percekben mentek el h\u00e1rom g\u00f3llal. Ezen a m\u00e9rk\u0151z\u00e9sen emberfeletti teljes\u00edtm\u00e9nyt mutattak a l\u00e1nyok. Az utols\u00f3 \u00f6sszecsap\u00e1s a BVSC ellen volt. Itt olyan er\u0151t, akaratot mozg\u00f3s\u00edtottak a j\u00e1t\u00e9kosok, amit \u00f6r\u00f6m volt n\u00e9zni. V\u00e9g\u00fcl egy g\u00f3llal az ellenfel\u00fcnk nyert. \u00dagy v\u00e9lem, nem lehet senkinek se hi\u00e1ny\u00e9rzete, mert m\u00e1r ez is brav\u00far volt, hogy legjobb nyolcban szerepelt\u00fcnk. Eg\u00e9sz \u00e9vi teljes\u00edtm\u00e9ny\u00fckre nagyon b\u00fcszke vagyok. Itt \u00e9rtem minden koroszt\u00e1lyunkat. Az l\u00e1tszik, nem vagyunk lemaradva olyan klubokt\u00f3l, amelyek t\u00f6bb mint sz\u00e1z\u00e9ves trad\u00edci\u00f3val rendelkeznek. Ez visszacsatol\u00e1s mindenkinek. A siker\u00fcnk kulcsa az, hogy a csapatkoh\u00e9zi\u00f3nk nagyon er\u0151s. B\u00fcszke vagyok a csapatainkra \u00e9s ez az \u00e9v \u00f6r\u00f6kre megmarad benn\u00fcnk.<\/p>\n<\/blockquote>\n","protected":false},"excerpt":{"rendered":"<p>A Final8-ba jut\u00e1s azt jelenti, hogy egy csapat az adott koroszt\u00e1ly vagy bajnoks\u00e1g nyolc leger\u0151sebb egy\u00fcttese k\u00f6z\u00e9 tartozik, \u00edgy a szezon v\u00e9g\u00e9n a legjobbak k\u00f6z\u00f6tt k\u00fczdhet a bajnoki helyez\u00e9sek\u00e9rt, ami egyben a klub szakmai munk\u00e1j\u00e1nak \u00e9s ut\u00e1np\u00f3tl\u00e1s-nevel\u00e9s\u00e9nek is fontos visszaigazol\u00e1sa. <\/p>\n","protected":false},"author":1,"featured_media":115,"parent":0,"menu_order":0,"comment_status":"closed","ping_status":"closed","template":"","meta":{"footnotes":""},"class_list":["post-54","page","type-page","status-publish","has-post-thumbnail","hentry"],"_links":{"self":[{"href":"https:\/\/pepe264.net3d.hu\/index.php?rest_route=\/wp\/v2\/pages\/54","targetHints":{"allow":["GET"]}}],"collection":[{"href":"https:\/\/pepe264.net3d.hu\/index.php?rest_route=\/wp\/v2\/pages"}],"about":[{"href":"https:\/\/pepe264.net3d.hu\/index.php?rest_route=\/wp\/v2\/types\/page"}],"author":[{"embeddable":true,"href":"https:\/\/pepe264.net3d.hu\/index.php?rest_route=\/wp\/v2\/users\/1"}],"replies":[{"embeddable":true,"href":"https:\/\/pepe264.net3d.hu\/index.php?rest_route=%2Fwp%2Fv2%2Fcomments&post=54"}],"version-history":[{"count":5,"href":"https:\/\/pepe264.net3d.hu\/index.php?rest_route=\/wp\/v2\/pages\/54\/revisions"}],"predecessor-version":[{"id":276,"href":"https:\/\/pepe264.net3d.hu\/index.php?rest_route=\/wp\/v2\/pages\/54\/revisions\/276"}],"wp:featuredmedia":[{"embeddable":true,"href":"https:\/\/pepe264.net3d.hu\/index.php?rest_route=\/wp\/v2\/media\/115"}],"wp:attachment":[{"href":"https:\/\/pepe264.net3d.hu\/index.php?rest_route=%2Fwp%2Fv2%2Fmedia&parent=54"}],"curies":[{"name":"wp","href":"https:\/\/api.w.org\/{rel}","templated":true}]}}