{"id":52,"date":"2026-07-17T16:23:40","date_gmt":"2026-07-17T16:23:40","guid":{"rendered":"https:\/\/pepe264.net3d.hu\/?page_id=52"},"modified":"2026-07-26T14:26:16","modified_gmt":"2026-07-26T14:26:16","slug":"ezusterem-az-egyetemi-bajnoksagban","status":"publish","type":"page","link":"https:\/\/pepe264.net3d.hu\/?page_id=52","title":{"rendered":"ARANY- \u00c9S EZ\u00dcST\u00c9REM AZ EGYETEMI BAJNOKS\u00c1GBAN"},"content":{"rendered":"\n<p class=\"wp-block-paragraph\">A Magyar Egyetemi\u2013F\u0151iskolai Orsz\u00e1gos Bajnoks\u00e1g (MEFOB) n\u0151i v\u00edzilabda-versenysorozat\u00e1t a Magyar Egyetemi\u2013F\u0151iskolai Sportsz\u00f6vets\u00e9g (MEFS) \u00e9s a Magyar V\u00edzilabda Sz\u00f6vets\u00e9g (MVLSZ) k\u00f6z\u00f6sen h\u00edvta \u00e9letre 2024-ben azzal a c\u00e9llal, hogy az egyetemi tanulm\u00e1nyok mellett is versenyz\u00e9si lehet\u0151s\u00e9get biztos\u00edtson az \u00e9lvonalban \u00e9s az ut\u00e1np\u00f3tl\u00e1sban szerepl\u0151 j\u00e1t\u00e9kosok sz\u00e1m\u00e1ra. A torna r\u00f6vid id\u0151 alatt rangos esem\u00e9nny\u00e9 v\u00e1lt, hiszen a magyar n\u0151i v\u00edzilabda t\u00f6bb v\u00e1logatott \u00e9s OB I-es j\u00e1t\u00e9kosa is egyetemi sz\u00ednekben szerepel.<\/p>\n\n\n\n<p class=\"wp-block-paragraph\"><strong>A MEFOB Feszten n\u0151i v\u00edzilabd\u00e1ban az els\u0151 gy\u0151zelmet mindj\u00e1rt a gy\u0151ri Sz\u00e9chenyi Istv\u00e1n Egyetem csapata nyerte meg.<\/strong><\/p>\n\n\n\n<p class=\"wp-block-paragraph\">A gy\u0151ri Aqua Sportk\u00f6zpontban v\u00e9g\u00fcl h\u00e1rom csapat k\u00fczd\u00f6tt egym\u00e1ssal, a gy\u0151riek Semmelweis-egyetem ellen 14\u20137-re, a P\u00e9csi Tudom\u00e1nyegyetem ellen 23\u20136-ra gy\u0151ztek, az egri Eszterh\u00e1zy K\u00e1roly Katolikus Egyetem nem j\u00f6tt el a torn\u00e1ra.<\/p>\n\n\n\n<p class=\"wp-block-paragraph\">Hargitai Attila edz\u0151 \u00edgy \u00e9rt\u00e9kelte a torn\u00e1t: <em>\u2013 J\u00f3 kis meccseket tudtunk j\u00e1tszani, p\u00f6rg\u0151sebb volt a j\u00e1t\u00e9k a kisebb p\u00e1ly\u00e1n, \u00f6t az \u00f6t ellen. \u00d6r\u00fcl\u00fcnk, hogy meg tudtuk nyerni a MEFOB-ot, ez hab a tort\u00e1n. Kicsit sajn\u00e1ljuk, hogy egy csapat nem j\u00f6tt, de v\u00e9g\u00fcl a l\u00e9nyeget el\u00e9rt\u00fck, \u00e9lvezte mindenki a j\u00e1t\u00e9kot.<\/em><\/p>\n\n\n\n<p class=\"wp-block-paragraph\">A <strong>2025-\u00f6s MEFOB-d\u00f6nt\u0151t<\/strong> m\u00e1jus 5\u20136-\u00e1n rendezt\u00e9k meg a budapesti T\u00fcskecsarnok Sportuszod\u00e1ban. A Sz\u00e9chenyi Istv\u00e1n Egyetem egy\u00fcttese a B csoportban kezdte a torn\u00e1t, ahol r\u00f6gt\u00f6n brav\u00faros gy\u0151zelmet aratott a k\u00e9s\u0151bbi bajnok Testnevel\u00e9si Egyetem felett (10\u20139), majd f\u00f6l\u00e9nyesen, 21\u20132-re legy\u0151zte a P\u00e9csi Tudom\u00e1nyegyetemet. A k\u00e9t sikernek k\u00f6sz\u00f6nhet\u0151en csoportm\u00e1sodikk\u00e9nt jutott az el\u0151d\u00f6nt\u0151be.<\/p>\n\n\n\n<p class=\"wp-block-paragraph\">Az el\u0151d\u00f6nt\u0151ben a Semmelweis Egyetem k\u00f6vetkezett, amely ellen rendk\u00edv\u00fcl ki\u00e9lezett m\u00e9rk\u0151z\u00e9sen, mind\u00f6ssze egyg\u00f3los veres\u00e9get szenvedett a gy\u0151ri egy\u00fcttes (10\u201311). A bronzm\u00e9rk\u0151z\u00e9sen a Szegedi Tudom\u00e1nyegyetem bizonyult jobbnak (11\u20136), \u00edgy a Sz\u00e9chenyi Istv\u00e1n Egyetem a negyedik helyen z\u00e1rta a torn\u00e1t. A bajnoki c\u00edmet v\u00e9g\u00fcl a Testnevel\u00e9si Egyetem szerezte meg.<\/p>\n\n\n\n<p class=\"wp-block-paragraph\">Egy \u00e9vvel k\u00e9s\u0151bb, <strong>2026-ban<\/strong> m\u00e1r G\u00f6d\u00f6ll\u0151 adott otthont a n\u0151i v\u00edzilabda MEFOB d\u00f6nt\u0151j\u00e9nek, ahol a Sz\u00e9chenyi Istv\u00e1n Egyetem \u00fajabb nagy l\u00e9p\u00e9st tett el\u0151re. A gy\u0151riek h\u00e1rom gy\u0151zelemmel \u00e9s egy veres\u00e9ggel z\u00e1rt\u00e1k a torn\u00e1t. A Szegedi Tudom\u00e1nyegyetemet izgalmas m\u00e9rk\u0151z\u00e9sen 10\u20139-re, a P\u00e9csi Tudom\u00e1nyegyetemet magabiztosan 7\u20133-ra gy\u0151zt\u00e9k le, m\u00edg a Semmelweis Egyetemet 7\u20136-ra m\u00falt\u00e1k fel\u00fcl. Egyetlen veres\u00e9g\u00fcket a v\u00e9gs\u0151 gy\u0151ztes Testnevel\u00e9si Egyetem ellen szenvedt\u00e9k el (10\u201317).<\/p>\n\n\n\n<p class=\"wp-block-paragraph\">A torn\u00e1n a Testnevel\u00e9si Egyetem hib\u00e1tlan teljes\u00edtm\u00e9nnyel, kilenc ponttal v\u00e9gzett az els\u0151 helyen. M\u00f6g\u00f6tte h\u00e1rom egyetem \u2013 a Sz\u00e9chenyi Istv\u00e1n Egyetem, a Szegedi Tudom\u00e1nyegyetem \u00e9s a P\u00e9csi Tudom\u00e1nyegyetem \u2013 egyar\u00e1nt hat pontot szerzett, \u00e1m a k\u00f6rbever\u00e9sb\u0151l a gy\u0151ri csapat j\u00f6tt ki a legjobban, mivel mindh\u00e1rom riv\u00e1lis\u00e1t legy\u0151zte. Ennek k\u00f6sz\u00f6nhet\u0151en a Sz\u00e9chenyi Istv\u00e1n Egyetem t\u00f6rt\u00e9nete legjobb eredm\u00e9ny\u00e9t \u00e9rte el a n\u0151i v\u00edzilabda MEFOB-on, \u00e9s ez\u00fcst\u00e9rmet szerzett.<\/p>\n\n\n\n<p class=\"wp-block-paragraph\">A k\u00e9t egym\u00e1st k\u00f6vet\u0151 \u00e9v eredm\u00e9nyei j\u00f3l mutatj\u00e1k a Sz\u00e9chenyi Istv\u00e1n Egyetem n\u0151i v\u00edzilabdacsapat\u00e1nak fejl\u0151d\u00e9s\u00e9t. A 2025-\u00f6s negyedik helyet egy \u00e9vvel k\u00e9s\u0151bb ez\u00fcst\u00e9rem k\u00f6vette, ami egy\u00e9rtelm\u0171en jelzi, hogy a gy\u0151ri egyetemi csapat a MEFOB meghat\u00e1roz\u00f3 szerepl\u0151j\u00e9v\u00e9 v\u00e1lt. A sikerekben jelent\u0151s szerepet v\u00e1llaltak azok a j\u00e1t\u00e9kosok is, akik a Gy\u0151ri V\u00edzisport Egyes\u00fclet sz\u00edneiben az OB I-ben \u00e9s a koroszt\u00e1lyos v\u00e1logatottakban is rendszeresen bizony\u00edtanak, tov\u00e1bb er\u0151s\u00edtve a kapcsolatot a v\u00e1rosi klub \u00e9s az egyetemi sport k\u00f6z\u00f6tt.<\/p>\n\n\n\n<p class=\"wp-block-paragraph\">Petrovai M\u00e1rton edz\u0151: \u2013<em> Sz\u00edvb\u0151l gratul\u00e1lok a l\u00e1nyoknak, mert remek\u00fcl teljes\u00edtettek. A m\u00e1sodik hely szerintem nagyon sz\u00e9p eredm\u00e9ny. Egy cser\u00e9vel v\u00e9gig j\u00e1tszani a h\u00e9tv\u00e9g\u00e9t, \u00f3ri\u00e1si teljes\u00edtm\u00e9ny. B\u00fcszke vagyok r\u00e1juk. \u00dagy gondolom, m\u00e9lt\u00f3k\u00e9ppen k\u00e9pviselt\u00e9k a l\u00e1nyok az egyetemet.<\/em><\/p>\n","protected":false},"excerpt":{"rendered":"<p>A n\u0151i v\u00edzilabda MEFOB (Magyar Egyetemi\u2013F\u0151iskolai Orsz\u00e1gos Bajnoks\u00e1g) 2024 \u00f3ta megrendezett bajnoks\u00e1g amit a Magyar Egyetemi\u2013F\u0151iskolai Sportsz\u00f6vets\u00e9g (MEFS) \u00e9s a Magyar V\u00edzilabda Sz\u00f6vets\u00e9g (MVLSZ) k\u00f6z\u00f6sen \u00edr ki. <\/p>\n","protected":false},"author":1,"featured_media":269,"parent":0,"menu_order":0,"comment_status":"closed","ping_status":"closed","template":"","meta":{"footnotes":""},"class_list":["post-52","page","type-page","status-publish","has-post-thumbnail","hentry"],"_links":{"self":[{"href":"https:\/\/pepe264.net3d.hu\/index.php?rest_route=\/wp\/v2\/pages\/52","targetHints":{"allow":["GET"]}}],"collection":[{"href":"https:\/\/pepe264.net3d.hu\/index.php?rest_route=\/wp\/v2\/pages"}],"about":[{"href":"https:\/\/pepe264.net3d.hu\/index.php?rest_route=\/wp\/v2\/types\/page"}],"author":[{"embeddable":true,"href":"https:\/\/pepe264.net3d.hu\/index.php?rest_route=\/wp\/v2\/users\/1"}],"replies":[{"embeddable":true,"href":"https:\/\/pepe264.net3d.hu\/index.php?rest_route=%2Fwp%2Fv2%2Fcomments&post=52"}],"version-history":[{"count":5,"href":"https:\/\/pepe264.net3d.hu\/index.php?rest_route=\/wp\/v2\/pages\/52\/revisions"}],"predecessor-version":[{"id":275,"href":"https:\/\/pepe264.net3d.hu\/index.php?rest_route=\/wp\/v2\/pages\/52\/revisions\/275"}],"wp:featuredmedia":[{"embeddable":true,"href":"https:\/\/pepe264.net3d.hu\/index.php?rest_route=\/wp\/v2\/media\/269"}],"wp:attachment":[{"href":"https:\/\/pepe264.net3d.hu\/index.php?rest_route=%2Fwp%2Fv2%2Fmedia&parent=52"}],"curies":[{"name":"wp","href":"https:\/\/api.w.org\/{rel}","templated":true}]}}