{"id":266,"date":"2026-07-26T13:52:47","date_gmt":"2026-07-26T13:52:47","guid":{"rendered":"https:\/\/pepe264.net3d.hu\/?page_id=266"},"modified":"2026-07-26T17:39:19","modified_gmt":"2026-07-26T17:39:19","slug":"tortenelmi-ev-a-ferfi-ob-i-b-ben","status":"publish","type":"page","link":"https:\/\/pepe264.net3d.hu\/?page_id=266","title":{"rendered":"T\u00f6rt\u00e9nelmi \u00e9v a f\u00e9rfi OB I\/B-ben"},"content":{"rendered":"\n<p class=\"wp-block-paragraph\"><strong>A 2025\u20132026-os OB I\/B-s bajnoki id\u00e9ny rendk\u00edv\u00fcl tanuls\u00e1gos volt a UNI-GY\u0150R GYVSE fiatal egy\u00fcttese sz\u00e1m\u00e1ra. B\u00e1r az eredm\u00e9nyek sok\u00e1ig nem t\u00fckr\u00f6zt\u00e9k a befektetett munk\u00e1t, a szezon sor\u00e1n v\u00e9gig \u00e9rz\u0151d\u00f6tt, hogy egy fejl\u0151d\u00e9sre k\u00e9pes, egym\u00e1s\u00e9rt k\u00fczd\u0151 t\u00e1rsas\u00e1g \u00e9p\u00fcl, amely m\u00e9rk\u0151z\u00e9sr\u0151l m\u00e9rk\u0151z\u00e9sre egyre k\u00f6zelebb ker\u00fclt ahhoz, hogy felvegye a versenyt rutinosabb ellenfeleivel.<\/strong><\/p>\n\n\n\n<p class=\"wp-block-paragraph\">A bajnoks\u00e1g els\u0151 fel\u00e9ben Vogel Zsolt ir\u00e1ny\u00edt\u00e1s\u00e1val olyan csapatokkal tal\u00e1lkozott a GYVSE, amelyek k\u00f6z\u00fcl t\u00f6bb az OB I-es szerepl\u00e9st c\u00e9lozta meg, vagy jelent\u0151s rutinnal rendelkezett. Az els\u0151 fordul\u00f3k veres\u00e9gei ellen\u00e9re az edz\u0151 rendre kiemelte, hogy j\u00e1t\u00e9kosai hossz\u00fa peri\u00f3dusokon kereszt\u00fcl k\u00e9pesek voltak partiban lenni az er\u0151sebb riv\u00e1lisokkal. A PVSK ellen p\u00e9ld\u00e1ul k\u00e9t \u00e9s f\u00e9l negyeden \u00e1t fizik\u00e1lisan is felvett\u00e9k a versenyt az ellenf\u00e9llel, ami biztat\u00f3 kezd\u00e9st jelentett.<\/p>\n\n\n\n<p class=\"wp-block-paragraph\">A folytat\u00e1sban ugyan tov\u00e1bb gyarapodtak a veres\u00e9gek, de a szakmai \u00e9rt\u00e9kel\u00e9sekb\u0151l j\u00f3l kirajzol\u00f3dott, hogy a legnagyobb probl\u00e9m\u00e1t nem a j\u00e1t\u00e9k tud\u00e1sa, hanem a rutin hi\u00e1nya jelentette. T\u00f6bb m\u00e9rk\u0151z\u00e9sen is el\u0151fordult, hogy a gy\u0151riek \u00e1tvett\u00e9k a vezet\u00e9st, vagy v\u00e9gig ny\u00edlt maradt a tal\u00e1lkoz\u00f3, \u00e1m a v\u00e9gj\u00e1t\u00e9kban egy-egy rossz d\u00f6nt\u00e9s, kapkod\u00e1s vagy koncentr\u00e1ci\u00f3s hiba az ellenf\u00e9l jav\u00e1ra d\u00f6nt\u00f6tte el az \u00f6sszecsap\u00e1st. Vogel Zsolt t\u00f6bbsz\u00f6r hangs\u00falyozta, hogy a fiatal j\u00e1t\u00e9kosoknak meg kell tanulniuk \u00e9lni a k\u00edn\u00e1lkoz\u00f3 lehet\u0151s\u00e9gekkel, \u00e9s fejben is fel kell n\u0151ni\u00fck az OB II-es bajnoks\u00e1g ritmus\u00e1hoz.<\/p>\n\n\n\n<p class=\"wp-block-paragraph\">A szezon els\u0151 fel\u00e9ben visszat\u00e9r\u0151 probl\u00e9m\u00e1t jelentett a v\u00e9dekez\u00e9s. Az edz\u0151 t\u00f6bb alkalommal is kiemelte, hogy t\u00fal sok elker\u00fclhet\u0151 g\u00f3lt kaptak, illetve az els\u0151 negyedekben gyakran nagy el\u0151nyt adtak ellenfeleiknek. Ennek ellen\u00e9re egyetlen nyilatkozat sem sz\u00f3lt a felad\u00e1sr\u00f3l. \u00c9ppen ellenkez\u0151leg: minden \u00e9rt\u00e9kel\u00e9s a tov\u00e1bbi munk\u00e1r\u00f3l, a hib\u00e1k kijav\u00edt\u00e1s\u00e1r\u00f3l \u00e9s a fejl\u0151d\u00e9sbe vetett hitr\u0151l sz\u00f3lt. A csapat hozz\u00e1\u00e1ll\u00e1s\u00e1t, k\u00fczdeni akar\u00e1s\u00e1t \u00e9s munkamor\u00e1lj\u00e1t v\u00e9gig dics\u00e9rte a szakvezet\u0151.<\/p>\n\n\n\n<p class=\"wp-block-paragraph\">Az \u00e1tt\u00f6r\u00e9s december k\u00f6zep\u00e9n \u00e9rkezett el, amikor a PTE-PEAC Mighty Bulls ellen v\u00e9gre megsz\u00fcletett a szezon els\u0151 sikere. A gy\u0151riek n\u00e9gyg\u00f3los h\u00e1tr\u00e1nyb\u00f3l is visszakapaszkodtak, majd az \u00f6tm\u00e9teresp\u00e1rbajban megszerezt\u00e9k els\u0151 gy\u0151zelm\u00fcket. Vogel Zsolt szerint ez a siker els\u0151sorban lelkileg jelentett sokat a csapatnak, amely \u00edgy pontszerz\u00e9ssel z\u00e1rhatta az \u00e9vet, \u00e9s meger\u0151s\u00edt\u00e9st kapott arr\u00f3l, hogy a befektetett munka el\u0151bb-ut\u00f3bb eredm\u00e9nyre vezet.<\/p>\n\n\n\n<p class=\"wp-block-paragraph\">A t\u00e9li sz\u00fcnet ut\u00e1n Truszka Levente vette \u00e1t az egy\u00fcttes ir\u00e1ny\u00edt\u00e1s\u00e1t, aki \u00faj lend\u00fcletet hozott a csapat j\u00e1t\u00e9k\u00e1ba. Nyilatkozataiban m\u00e1r sokkal ink\u00e1bb a pozit\u00edvumok domin\u00e1ltak. Rendszeresen hangs\u00falyozta a fegyelmezett j\u00e1t\u00e9kot, a koncentr\u00e1ci\u00f3t \u00e9s azt, hogy j\u00e1t\u00e9kosai egyre b\u00e1trabban v\u00e1llalj\u00e1k fel a saj\u00e1t j\u00e1t\u00e9kukat. Az O\u00e1zis SC elleni idegenbeli siker ut\u00e1n k\u00fcl\u00f6n kiemelte, mennyire b\u00fcszke a csapat\u00e1ra, amely a neh\u00e9z k\u00f6r\u00fclm\u00e9nyek ellen\u00e9re v\u00e9gig fegyelmezetten j\u00e1tszott.<\/p>\n\n\n\n<p class=\"wp-block-paragraph\">A tavaszi id\u00e9ny egyik legfontosabb jellemz\u0151je az volt, hogy a GYVSE m\u00e1r szinte minden m\u00e9rk\u0151z\u00e9sen egyenrang\u00fa ellenf\u00e9lk\u00e9nt szerepelt. B\u00e1r t\u00f6bb tal\u00e1lkoz\u00f3t minim\u00e1lis k\u00fcl\u00f6nbs\u00e9ggel vesz\u00edtett el, az edz\u0151 rendre arr\u00f3l besz\u00e9lt, hogy csup\u00e1n n\u00e9h\u00e1ny perces r\u00f6vidz\u00e1rlatok vagy apr\u00f3 hib\u00e1k d\u00f6nt\u00f6ttek. A MATE-GEAC elleni egyg\u00f3los veres\u00e9g, az AVUS elleni h\u00e1rom negyedig tart\u00f3 remek teljes\u00edtm\u00e9ny vagy az Eszterh\u00e1zy SC elleni szoros \u00f6sszecsap\u00e1s is azt bizony\u00edtotta, hogy a csapat rengeteget fejl\u0151d\u00f6tt az id\u00e9ny sor\u00e1n.<\/p>\n\n\n\n<p class=\"wp-block-paragraph\">A fejl\u0151d\u00e9s nemcsak j\u00e1t\u00e9kban, hanem ment\u00e1lisan is \u00e9rz\u00e9kelhet\u0151 volt. Truszka Levente t\u00f6bbsz\u00f6r hangs\u00falyozta, hogy j\u00e1t\u00e9kosai v\u00e9gig hittek magukban, nem omlottak \u00f6ssze h\u00e1tr\u00e1nyban sem, \u00e9s egyre t\u00f6bbsz\u00f6r tudtak visszakapaszkodni rem\u00e9nytelennek t\u0171n\u0151 helyzetekb\u0151l. Kiemelte a csapatszint\u0171 v\u00e9dekez\u00e9s javul\u00e1s\u00e1t, a blokkok sz\u00e1m\u00e1nak n\u00f6veked\u00e9s\u00e9t \u00e9s azt is, hogy t\u00e1mad\u00e1sban egyre t\u00f6bb tudatos, sz\u00e9pen fel\u00e9p\u00edtett akci\u00f3t vezettek.<\/p>\n\n\n\n<p class=\"wp-block-paragraph\">B\u00e1r a bajnoks\u00e1g v\u00e9g\u00e9n a tabella nem felt\u00e9tlen\u00fcl t\u00fckr\u00f6zte a csapat fejl\u0151d\u00e9s\u00e9t, a szezon eg\u00e9sz\u00e9t tekintve egy\u00e9rtelm\u0171en pozit\u00edv folyamat rajzol\u00f3dott ki. A fiatal gy\u0151ri egy\u00fcttes megtanulta felvenni a versenyt a rutinos ellenfelekkel, t\u00f6bb brav\u00faros pontszerz\u00e9st \u00e9rt el, \u00e9s a m\u00e9rk\u0151z\u00e9sek jelent\u0151s r\u00e9sz\u00e9n m\u00e1r val\u00f3di ellenf\u00e9lk\u00e9nt tudott szerepelni.<\/p>\n\n\n\n<p class=\"wp-block-paragraph\">A 2025\u20132026-os id\u00e9ny legnagyobb eredm\u00e9nye tal\u00e1n nem is a megszerzett pontok sz\u00e1m\u00e1ban m\u00e9rhet\u0151, hanem abban a fejl\u0151d\u00e9si \u00edvben, amelyet a csapat bej\u00e1rt. Az edz\u0151i nyilatkozatok alapj\u00e1n egy olyan k\u00f6z\u00f6ss\u00e9g k\u00e9pe rajzol\u00f3dik ki, amely minden veres\u00e9gb\u0151l tanult, minden m\u00e9rk\u0151z\u00e9sen dolgozott a hib\u00e1k kijav\u00edt\u00e1s\u00e1n, \u00e9s a szezon v\u00e9g\u00e9re eljutott oda, hogy a bajnoks\u00e1g t\u00f6bb meghat\u00e1roz\u00f3 csapat\u00e1t is komoly kih\u00edv\u00e1s el\u00e9 tudta \u00e1ll\u00edtani. Ez a hozz\u00e1\u00e1ll\u00e1s \u00e9s a folyamatos fejl\u0151d\u00e9s biztat\u00f3 alapot jelenthet a k\u00f6vetkez\u0151 szezonra.<\/p>\n","protected":false},"excerpt":{"rendered":"<p>El\u0151sz\u00f6r szerepelt gy\u0151ri f\u00e9rfi csapat a vizilabda m\u00e1sodik vonal\u00e1ban. B\u00e1r az eredm\u00e9nyek sok\u00e1ig nem t\u00fckr\u00f6zt\u00e9k a befektetett munk\u00e1t, a szezon sor\u00e1n v\u00e9gig \u00e9rz\u0151d\u00f6tt, hogy egy fejl\u0151d\u00e9sre k\u00e9pes, egym\u00e1s\u00e9rt k\u00fczd\u0151 t\u00e1rsas\u00e1g \u00e9p\u00fcl, amely m\u00e9rk\u0151z\u00e9sr\u0151l m\u00e9rk\u0151z\u00e9sre egyre k\u00f6zelebb ker\u00fclt ahhoz, hogy felvegye a versenyt rutinosabb ellenfeleivel.<\/p>\n","protected":false},"author":1,"featured_media":288,"parent":0,"menu_order":0,"comment_status":"closed","ping_status":"closed","template":"","meta":{"footnotes":""},"class_list":["post-266","page","type-page","status-publish","has-post-thumbnail","hentry"],"_links":{"self":[{"href":"https:\/\/pepe264.net3d.hu\/index.php?rest_route=\/wp\/v2\/pages\/266","targetHints":{"allow":["GET"]}}],"collection":[{"href":"https:\/\/pepe264.net3d.hu\/index.php?rest_route=\/wp\/v2\/pages"}],"about":[{"href":"https:\/\/pepe264.net3d.hu\/index.php?rest_route=\/wp\/v2\/types\/page"}],"author":[{"embeddable":true,"href":"https:\/\/pepe264.net3d.hu\/index.php?rest_route=\/wp\/v2\/users\/1"}],"replies":[{"embeddable":true,"href":"https:\/\/pepe264.net3d.hu\/index.php?rest_route=%2Fwp%2Fv2%2Fcomments&post=266"}],"version-history":[{"count":3,"href":"https:\/\/pepe264.net3d.hu\/index.php?rest_route=\/wp\/v2\/pages\/266\/revisions"}],"predecessor-version":[{"id":289,"href":"https:\/\/pepe264.net3d.hu\/index.php?rest_route=\/wp\/v2\/pages\/266\/revisions\/289"}],"wp:featuredmedia":[{"embeddable":true,"href":"https:\/\/pepe264.net3d.hu\/index.php?rest_route=\/wp\/v2\/media\/288"}],"wp:attachment":[{"href":"https:\/\/pepe264.net3d.hu\/index.php?rest_route=%2Fwp%2Fv2%2Fmedia&parent=266"}],"curies":[{"name":"wp","href":"https:\/\/api.w.org\/{rel}","templated":true}]}}