{"id":264,"date":"2026-07-26T13:50:10","date_gmt":"2026-07-26T13:50:10","guid":{"rendered":"https:\/\/pepe264.net3d.hu\/?page_id=264"},"modified":"2026-07-26T13:50:10","modified_gmt":"2026-07-26T13:50:10","slug":"igy-mutatkozott-be-a-gyori-vse-a-noi-vizilabda-elvonalaban","status":"publish","type":"page","link":"https:\/\/pepe264.net3d.hu\/?page_id=264","title":{"rendered":"\u00cdgy mutatkozott be a Gy\u0151ri VSE a n\u0151i vizilabda \u00e9lvonal\u00e1ban"},"content":{"rendered":"\n<figure class=\"wp-block-image size-full\"><img loading=\"lazy\" decoding=\"async\" width=\"553\" height=\"335\" src=\"https:\/\/pepe264.net3d.hu\/wp-content\/uploads\/2026\/07\/Screen-Shot-2026-07-26-at-00.35.21.png\" alt=\"\" class=\"wp-image-199\" srcset=\"https:\/\/pepe264.net3d.hu\/wp-content\/uploads\/2026\/07\/Screen-Shot-2026-07-26-at-00.35.21.png 553w, https:\/\/pepe264.net3d.hu\/wp-content\/uploads\/2026\/07\/Screen-Shot-2026-07-26-at-00.35.21-300x182.png 300w\" sizes=\"auto, (max-width: 553px) 100vw, 553px\" \/><\/figure>\n\n\n\n<p class=\"wp-block-paragraph\">A 2005-\u00f6s esztend\u0151 \u00f6r\u00f6kre aranybet\u0171kkel ker\u00fclt be a gy\u0151ri n\u0151i v\u00edzilabda t\u00f6rt\u00e9net\u00e9be. A Gy\u0151ri VSE egy\u00fcttese K\u00e1rp\u00e1ti G\u00e1bor ir\u00e1ny\u00edt\u00e1s\u00e1val megnyerte az OB I\/B bajnoks\u00e1got, ezzel pedig kiv\u00edvta a jogot arra, hogy a k\u00f6vetkez\u0151 id\u00e9nyben a magyar n\u0151i v\u00edzilabda legjobbjai k\u00f6z\u00f6tt szerepeljen. A feljut\u00e1s egy hossz\u00fa \u00e9p\u00edtkez\u00e9s megkoron\u00e1z\u00e1sa volt, ugyanakkor mindenki tiszt\u00e1ban volt vele, hogy az igazi kih\u00edv\u00e1sok csak ezut\u00e1n k\u00f6vetkeznek.<\/p>\n\n\n\n<p class=\"wp-block-paragraph\">A bajnoki c\u00edm sorsa 2005 j\u00fanius\u00e1ban, a margitszigeti Haj\u00f3s Alfr\u00e9d Nemzeti Sportuszod\u00e1ban d\u0151lt el. Az utols\u00f3 fordul\u00f3ban a gy\u0151riek a Domino-BHSE II ellen ugrottak medenc\u00e9be, \u00e9s rendk\u00edv\u00fcl fegyelmezett, nagy k\u00fczdelmet hoz\u00f3 m\u00e9rk\u0151z\u00e9sen 8\u20137-es gy\u0151zelmet arattak. A siker azt jelentette, hogy a Gy\u0151ri VSE a tabella \u00e9l\u00e9n v\u00e9gzett, \u00e9s t\u00f6rt\u00e9nete sor\u00e1n el\u0151sz\u00f6r feljutott az \u00e9lvonalba. A bajnoki arany azonban m\u00e9g nem jelentett automatikus els\u0151 oszt\u00e1ly\u00fa szerepl\u00e9st, hiszen a klubnak t\u00f6bb szervez\u00e9si \u00e9s gazdas\u00e1gi felt\u00e9telt is teljes\u00edtenie kellett ahhoz, hogy elindulhasson az OB I-ben.<\/p>\n\n\n\n<p class=\"wp-block-paragraph\">A ny\u00e1ri h\u00f3napok a csapat sz\u00e1m\u00e1ra kor\u00e1ntsem a pihen\u00e9sr\u0151l sz\u00f3ltak. Az \u00e9lvonal eg\u00e9szen m\u00e1s k\u00f6vetelm\u00e9nyeket t\u00e1masztott, ez\u00e9rt K\u00e1rp\u00e1ti G\u00e1bor gyakorlatilag \u00faj egy\u00fcttest \u00e9p\u00edtett. T\u00f6bb olyan j\u00e1t\u00e9kos \u00e9rkezett Gy\u0151rbe, akik kor\u00e1bban koroszt\u00e1lyos vagy feln\u0151tt v\u00e1logatott kerettagok voltak, mik\u00f6zben siker\u00fclt megtartani a klub egyik legnagyobb \u00e9rt\u00e9k\u00e9t, az ifj\u00fas\u00e1gi v\u00e1logatott Horv\u00e1th \u00c1gnest is. Az edz\u0151 m\u00e1r a bajnoki rajt el\u0151tt hangs\u00falyozta, hogy a csapat els\u0151dleges c\u00e9lja nem lehet m\u00e1s, mint a biztos bennmarad\u00e1s.<\/p>\n\n\n\n<p class=\"wp-block-paragraph\">A felk\u00e9sz\u00fcl\u00e9s ugyanakkor nem zajlott ide\u00e1lis k\u00f6r\u00fclm\u00e9nyek k\u00f6z\u00f6tt. Gy\u0151rben ekkor m\u00e9g nem \u00e1lltak rendelkez\u00e9sre megfelel\u0151 uszodai felt\u00e9telek, ez\u00e9rt a csapat szinte teljes eg\u00e9sz\u00e9ben Lip\u00f3tra k\u00f6lt\u00f6z\u00f6tt. A j\u00e1t\u00e9kosok naponta ing\u00e1ztak Gy\u0151r \u00e9s a szigetk\u00f6zi telep\u00fcl\u00e9s k\u00f6z\u00f6tt, ahol az Orchidea Hotel nemcsak sz\u00e1ll\u00e1st \u00e9s \u00e9tkez\u00e9st biztos\u00edtott sz\u00e1mukra, hanem otthont adott az els\u0151 \u00e9lvonalbeli hazai m\u00e9rk\u0151z\u00e9seknek is. A sok utaz\u00e1s fizikailag \u00e9s anyagilag egyar\u00e1nt megterhelte a klubot, de mindenki tudta, hogy a t\u00f6rt\u00e9nelmi szerepl\u00e9s\u00e9rt \u00e1ldozatokat kell v\u00e1llalni.<\/p>\n\n\n\n<p class=\"wp-block-paragraph\">A ny\u00e1ri munka sor\u00e1n a gy\u0151riek k\u00e9tszer is Szlov\u00e1ki\u00e1ba utaztak, ahol nemzetk\u00f6zi torn\u00e1n szerepeltek, majd edz\u0151t\u00e1borban k\u00e9sz\u00fcltek, \u00e9s a szlov\u00e1k bajnok ellen is v\u00edzbe ugrottak. Ezek a m\u00e9rk\u0151z\u00e9sek \u00e9rt\u00e9kes tapasztalatot jelentettek egy olyan t\u00e1rsas\u00e1gnak, amelynek r\u00f6vid id\u0151 alatt kellett val\u00f3di csapatt\u00e1 form\u00e1l\u00f3dnia.<\/p>\n\n\n\n<p class=\"wp-block-paragraph\">A v\u00e1rva v\u00e1rt bemutatkoz\u00e1sra 2005. szeptember 22-\u00e9n ker\u00fclt sor Lip\u00f3ton. T\u00f6rt\u00e9nelmi pillanat volt: a Gy\u0151ri VSE n\u0151i csapata el\u0151sz\u00f6r j\u00e1tszott hivatalos \u00e9lvonalbeli bajnoki m\u00e9rk\u0151z\u00e9st. Az ellenf\u00e9l a juniorv\u00e1logatott volt, amely m\u00e1r az els\u0151 negyedben megmutatta rutinj\u00e1t \u00e9s gyorsas\u00e1g\u00e1t. A vend\u00e9gek n\u00e9gyg\u00f3los el\u0151nyt \u00e9p\u00edtettek ki, amivel gyakorlatilag megalapozt\u00e1k siker\u00fcket.<\/p>\n\n\n\n<p class=\"wp-block-paragraph\">A gy\u0151riek azonban nem omlottak \u00f6ssze. A m\u00e1sodik \u00e9s a negyedik negyedet megnyert\u00e9k, a tal\u00e1lkoz\u00f3 hajr\u00e1j\u00e1ban pedig m\u00e1r azt a j\u00e1t\u00e9kot mutatt\u00e1k, amelyre k\u00e9s\u0151bb eg\u00e9sz szezonban \u00e9p\u00edthettek. Horv\u00e1th \u00c1gnes h\u00e1rom, Kov\u00e1cs Petra h\u00e1rom, Butuza Edina kett\u0151, Gazdag Erika \u00e9s Pavuk Regina egy-egy g\u00f3llal j\u00e1rult hozz\u00e1 a 10\u201315-\u00f6s v\u00e9geredm\u00e9nyhez.<\/p>\n\n\n\n<p class=\"wp-block-paragraph\">A lef\u00faj\u00e1s ut\u00e1n K\u00e1rp\u00e1ti G\u00e1bor re\u00e1lisan \u00e9rt\u00e9kelt. Kiemelte, hogy egy frissen \u00f6ssze\u00e1llt csapat sz\u00e1m\u00e1ra az els\u0151 bajnoki mindig k\u00fcl\u00f6n\u00f6sen neh\u00e9z, ugyanakkor az utols\u00f3 t\u00edz perc j\u00e1t\u00e9ka biztat\u00f3 volt, \u00e9s megmutatta, milyen lehet\u0151s\u00e9gek rejlenek az egy\u00fcttesben. A lel\u00e1t\u00f3n helyet foglalt a vil\u00e1gbajnok Tomaskovics Eszter is, aki kor\u00e1bban maga is szerepelt a gy\u0151riekn\u00e9l. V\u00e9lem\u00e9nye szerint a csapat j\u00f3 \u00faton j\u00e1r, csup\u00e1n id\u0151re van sz\u00fcks\u00e9g, hogy a j\u00e1t\u00e9kosok teljesen \u00f6sszeszokjanak. Hasonl\u00f3an bizakod\u00f3 volt \u00c1brah\u00e1m Csaba klubeln\u00f6k is, aki k\u00fcl\u00f6n \u00f6r\u00f6mnek nevezte, hogy Horv\u00e1th \u00c1gnest siker\u00fclt Gy\u0151rben tartani, mik\u00f6zben hosszabb t\u00e1von f\u0151iskol\u00e1s kor\u00fa j\u00e1t\u00e9kosokkal szerett\u00e9k volna tov\u00e1bb er\u0151s\u00edteni a keretet.<\/p>\n\n\n\n<p class=\"wp-block-paragraph\">Az els\u0151 sikerre sem kellett sokat v\u00e1rni. A m\u00e1sodik fordul\u00f3ban a ZF Eger l\u00e1togatott Lip\u00f3tra, \u00e9s b\u00e1r a vend\u00e9gek k\u00e9t gyors g\u00f3llal kezdtek, a gy\u0151riek hamar rendezt\u00e9k soraikat. A v\u00e9dekez\u00e9s \u00f6ssze\u00e1llt, a t\u00e1mad\u00e1sok egyre pontosabb\u00e1 v\u00e1ltak, \u00e9s a csapat fokozatosan \u00e1tvette az ir\u00e1ny\u00edt\u00e1st. Horv\u00e1th \u00c1gnes n\u00e9gy, Gazdag Erika h\u00e1rom, Kov\u00e1cs Petra \u00e9s R\u00e1vlik k\u00e9t-k\u00e9t, Butuza Edina pedig egy g\u00f3lt szerzett, \u00edgy a Gy\u0151ri VSE 12\u20137-re megnyerte t\u00f6rt\u00e9nete els\u0151 \u00e9lvonalbeli bajnoki m\u00e9rk\u0151z\u00e9s\u00e9t.<\/p>\n\n\n\n<p class=\"wp-block-paragraph\">K\u00e1rp\u00e1ti G\u00e1bor a gy\u0151zelem ellen\u00e9re sem volt marad\u00e9ktalanul el\u00e9gedett. \u00dagy v\u00e9lte, a siker rem\u00e9lhet\u0151leg megnyugtatja a j\u00e1t\u00e9kosokat, ugyanakkor sz\u00e1mos j\u00e1t\u00e9kelemben maradt jav\u00edtanival\u00f3. K\u00fcl\u00f6n\u00f6sen az emberel\u0151ny\u00f6k kihaszn\u00e1l\u00e1s\u00e1t emelte ki, hiszen tizenk\u00e9t f\u00f3rb\u00f3l mind\u00f6ssze egyet siker\u00fclt g\u00f3lra v\u00e1ltani. Mindez azonban m\u00e1r egy olyan probl\u00e9ma volt, amelyet gy\u0151ztes m\u00e9rk\u0151z\u00e9s ut\u00e1n kellett elemezni \u2013 \u00e9s ez sokkal kellemesebb feladatot jelentett.<\/p>\n\n\n\n<p class=\"wp-block-paragraph\">A feljut\u00e1st k\u00f6vet\u0151 els\u0151 h\u00f3napok \u00edgy egyszerre sz\u00f3ltak a t\u00f6rt\u00e9nelmi m\u00e9rf\u00f6ldk\u00f6vekr\u0151l, az alkalmazkod\u00e1sr\u00f3l \u00e9s a j\u00f6v\u0151 \u00e9p\u00edt\u00e9s\u00e9r\u0151l. A Gy\u0151ri VSE bebizony\u00edtotta, hogy nemcsak feljutni k\u00e9pes az \u00e9lvonalba, hanem arra is, hogy ott r\u00f6vid id\u0151n bel\u00fcl versenyk\u00e9pes csapatt\u00e1 v\u00e1ljon. Az els\u0151 gy\u0151zelem pedig azt jelezte, hogy a bennmarad\u00e1s m\u00e1r nem csup\u00e1n v\u00e1gy\u00e1lom, hanem re\u00e1lis c\u00e9lkit\u0171z\u00e9s lehetett az \u00fajonc sz\u00e1m\u00e1ra.<\/p>\n","protected":false},"excerpt":{"rendered":"<p>A 2005-\u00f6s esztend\u0151 \u00f6r\u00f6kre aranybet\u0171kkel ker\u00fclt be a gy\u0151ri n\u0151i v\u00edzilabda t\u00f6rt\u00e9net\u00e9be. A Gy\u0151ri VSE egy\u00fcttese K\u00e1rp\u00e1ti G\u00e1bor ir\u00e1ny\u00edt\u00e1s\u00e1val megnyerte az OB I\/B bajnoks\u00e1got, ezzel pedig kiv\u00edvta a jogot arra, hogy a k\u00f6vetkez\u0151 id\u00e9nyben a magyar n\u0151i v\u00edzilabda legjobbjai k\u00f6z\u00f6tt szerepeljen.<\/p>\n","protected":false},"author":1,"featured_media":199,"parent":0,"menu_order":0,"comment_status":"closed","ping_status":"closed","template":"","meta":{"footnotes":""},"class_list":["post-264","page","type-page","status-publish","has-post-thumbnail","hentry"],"_links":{"self":[{"href":"https:\/\/pepe264.net3d.hu\/index.php?rest_route=\/wp\/v2\/pages\/264","targetHints":{"allow":["GET"]}}],"collection":[{"href":"https:\/\/pepe264.net3d.hu\/index.php?rest_route=\/wp\/v2\/pages"}],"about":[{"href":"https:\/\/pepe264.net3d.hu\/index.php?rest_route=\/wp\/v2\/types\/page"}],"author":[{"embeddable":true,"href":"https:\/\/pepe264.net3d.hu\/index.php?rest_route=\/wp\/v2\/users\/1"}],"replies":[{"embeddable":true,"href":"https:\/\/pepe264.net3d.hu\/index.php?rest_route=%2Fwp%2Fv2%2Fcomments&post=264"}],"version-history":[{"count":1,"href":"https:\/\/pepe264.net3d.hu\/index.php?rest_route=\/wp\/v2\/pages\/264\/revisions"}],"predecessor-version":[{"id":265,"href":"https:\/\/pepe264.net3d.hu\/index.php?rest_route=\/wp\/v2\/pages\/264\/revisions\/265"}],"wp:featuredmedia":[{"embeddable":true,"href":"https:\/\/pepe264.net3d.hu\/index.php?rest_route=\/wp\/v2\/media\/199"}],"wp:attachment":[{"href":"https:\/\/pepe264.net3d.hu\/index.php?rest_route=%2Fwp%2Fv2%2Fmedia&parent=264"}],"curies":[{"name":"wp","href":"https:\/\/api.w.org\/{rel}","templated":true}]}}