{"id":153,"date":"2026-07-25T21:37:44","date_gmt":"2026-07-25T21:37:44","guid":{"rendered":"https:\/\/pepe264.net3d.hu\/?page_id=153"},"modified":"2026-07-25T21:40:34","modified_gmt":"2026-07-25T21:40:34","slug":"bajnoksagok","status":"publish","type":"page","link":"https:\/\/pepe264.net3d.hu\/?page_id=153","title":{"rendered":"BAJNOKS\u00c1GOK"},"content":{"rendered":"\n<h2 class=\"wp-block-heading\">N\u0150I \u00c9S LE\u00c1NY BAJNOKS\u00c1GOK, KUP\u00c1K<\/h2>\n\n\n\n<p class=\"wp-block-paragraph\"><a href=\"https:\/\/waterpolo.hu\/adatbank\/bajnoksagok?bajnoksag=879&amp;ev=2025\">MOL N\u0151i OB I \u00a0Bajnoks\u00e1g<\/a><\/p>\n\n\n\n<ul class=\"wp-block-list\">\n<li>2025\/26. &#8211; 8. hely<\/li>\n<\/ul>\n\n\n\n<p class=\"wp-block-paragraph\"><a href=\"https:\/\/waterpolo.hu\/adatbank\/bajnoksagok?bajnoksag=881&amp;ev=2025\">BENU N\u0151i Magyar Kupa<\/a><\/p>\n\n\n\n<p class=\"wp-block-paragraph\"><a href=\"https:\/\/waterpolo.hu\/adatbank\/bajnoksagok?bajnoksag=885&amp;ev=2025\">Le\u00e1ny Ifj\u00fas\u00e1gi Orsz\u00e1gos Bajnoks\u00e1g<\/a><\/p>\n\n\n\n<ul class=\"wp-block-list\">\n<li>2025\/26. &#8211; 8. hely<\/li>\n<\/ul>\n\n\n\n<p class=\"wp-block-paragraph\"><a href=\"https:\/\/waterpolo.hu\/adatbank\/bajnoksagok?bajnoksag=886&amp;ev=2025\">Le\u00e1ny Serd\u00fcl\u0151 Orsz\u00e1gos Bajnoks\u00e1g<\/a><\/p>\n\n\n\n<ul class=\"wp-block-list\">\n<li>2025\/26. &#8211; 8. hely<\/li>\n<\/ul>\n\n\n\n<p class=\"wp-block-paragraph\"><a href=\"https:\/\/waterpolo.hu\/adatbank\/bajnoksagok?bajnoksag=887&amp;ev=2025\">L\u00e1ny Gyermek Orsz\u00e1gos Bajnoks\u00e1g<\/a><\/p>\n\n\n\n<ul class=\"wp-block-list\">\n<li>2025\/26. &#8211; 11. hely<\/li>\n<\/ul>\n\n\n\n<p class=\"wp-block-paragraph\"><\/p>\n\n\n\n<h2 class=\"wp-block-heading\">F\u00c9RFI \u00c9S FI\u00da BAJNOKS\u00c1GOK, KUP\u00c1K<\/h2>\n\n\n\n<p class=\"wp-block-paragraph\"><a href=\"https:\/\/waterpolo.hu\/adatbank\/bajnoksagok?bajnoksag=894&amp;ev=2025\">F\u00e9rfi feln\u0151tt OB I \/ B Bajnoks\u00e1g<\/a><\/p>\n\n\n\n<ul class=\"wp-block-list\">\n<li>2025\/26. &#8211; 12. hely<\/li>\n<\/ul>\n\n\n\n<p class=\"wp-block-paragraph\"><a href=\"https:\/\/waterpolo.hu\/adatbank\/bajnoksagok?bajnoksag=882&amp;ev=2025&amp;szakasz=2757&amp;csoport=4459&amp;fordulo=22093\">Fi\u00fa Ifj\u00fas\u00e1gi Orsz\u00e1gos Bajnoks\u00e1g<\/a><\/p>\n\n\n\n<ul class=\"wp-block-list\">\n<li>2025\/26. &#8211; A2-es bajnoks\u00e1g 2. hely<\/li>\n<\/ul>\n\n\n\n<p class=\"wp-block-paragraph\"><a href=\"https:\/\/waterpolo.hu\/adatbank\/bajnoksagok?bajnoksag=883&amp;ev=2025&amp;szakasz=2756&amp;csoport=4461&amp;fordulo=22107\">Fi\u00fa Serd\u00fcl\u0151 Orsz\u00e1gos Bajnoks\u00e1g<\/a><\/p>\n\n\n\n<ul class=\"wp-block-list\">\n<li>2025\/26. &#8211; A2-es bajnoks\u00e1g 1. hely<\/li>\n<\/ul>\n\n\n\n<p class=\"wp-block-paragraph\"><a href=\"https:\/\/waterpolo.hu\/adatbank\/bajnoksagok?bajnoksag=884&amp;ev=2025&amp;szakasz=2758&amp;csoport=4463&amp;fordulo=22121\">Fi\u00fa Gyermek Orsz\u00e1gos Bajnoks\u00e1g<\/a><\/p>\n\n\n\n<ul class=\"wp-block-list\">\n<li>2025\/26. &#8211; A2-es bajnoks\u00e1g 8. hely<\/li>\n<\/ul>\n\n\n\n<h2 class=\"wp-block-heading\">EL\u0150K\u00c9SZ\u00cdT\u0150 BAJNOKS\u00c1GOK<\/h2>\n\n\n\n<p class=\"wp-block-paragraph\"><a href=\"https:\/\/waterpolo.hu\/adatbank\/bajnoksagok?bajnoksag=933&amp;ev=2025\">DVL Gyermek IV. Bajnoks\u00e1g<\/a><\/p>\n\n\n\n<p class=\"wp-block-paragraph\"><a href=\"https:\/\/waterpolo.hu\/adatbank\/bajnoksagok?bajnoksag=932&amp;ev=2025\">DVL Gyermek Fi\u00fa III. Bajnoks\u00e1g<\/a><\/p>\n\n\n\n<p class=\"wp-block-paragraph\"><a href=\"https:\/\/waterpolo.hu\/adatbank\/bajnoksagok?bajnoksag=935&amp;ev=2025\">DVL Baby II. Bajnoks\u00e1g<\/a><\/p>\n\n\n\n<p class=\"wp-block-paragraph\"><a href=\"https:\/\/waterpolo.hu\/adatbank\/bajnoksagok?bajnoksag=934&amp;ev=2025\">DVL Baby I. Bajnoks\u00e1g<\/a><\/p>\n\n\n\n<p class=\"wp-block-paragraph\"><\/p>\n\n\n\n<p class=\"wp-block-paragraph\"><\/p>\n\n\n\n<p class=\"wp-block-paragraph\"><\/p>\n\n\n\n<p class=\"wp-block-paragraph\"><\/p>\n\n\n\n<p class=\"wp-block-paragraph\"><\/p>\n\n\n\n<p class=\"wp-block-paragraph\"><\/p>\n","protected":false},"excerpt":{"rendered":"<p>Csapataink az orsz\u00e1gos \u00e9s a region\u00e1lis bajnoks\u00e1gban koroszt\u00e1lyainknak megfelel\u0151en szerepelnek.<\/p>\n","protected":false},"author":1,"featured_media":0,"parent":0,"menu_order":0,"comment_status":"closed","ping_status":"closed","template":"","meta":{"footnotes":""},"class_list":["post-153","page","type-page","status-publish","hentry"],"_links":{"self":[{"href":"https:\/\/pepe264.net3d.hu\/index.php?rest_route=\/wp\/v2\/pages\/153","targetHints":{"allow":["GET"]}}],"collection":[{"href":"https:\/\/pepe264.net3d.hu\/index.php?rest_route=\/wp\/v2\/pages"}],"about":[{"href":"https:\/\/pepe264.net3d.hu\/index.php?rest_route=\/wp\/v2\/types\/page"}],"author":[{"embeddable":true,"href":"https:\/\/pepe264.net3d.hu\/index.php?rest_route=\/wp\/v2\/users\/1"}],"replies":[{"embeddable":true,"href":"https:\/\/pepe264.net3d.hu\/index.php?rest_route=%2Fwp%2Fv2%2Fcomments&post=153"}],"version-history":[{"count":2,"href":"https:\/\/pepe264.net3d.hu\/index.php?rest_route=\/wp\/v2\/pages\/153\/revisions"}],"predecessor-version":[{"id":156,"href":"https:\/\/pepe264.net3d.hu\/index.php?rest_route=\/wp\/v2\/pages\/153\/revisions\/156"}],"wp:attachment":[{"href":"https:\/\/pepe264.net3d.hu\/index.php?rest_route=%2Fwp%2Fv2%2Fmedia&parent=153"}],"curies":[{"name":"wp","href":"https:\/\/api.w.org\/{rel}","templated":true}]}}